{"id":367,"date":"2019-06-16T08:04:16","date_gmt":"2019-06-16T08:04:16","guid":{"rendered":"http:\/\/bdevs.net\/theme\/medidove\/?page_id=367"},"modified":"2025-12-10T11:45:48","modified_gmt":"2025-12-10T11:45:48","slug":"formations","status":"publish","type":"page","link":"https:\/\/formations-pierre-flamion.com\/en\/formations\/","title":{"rendered":"Formations"},"content":{"rendered":"\t\t<div data-elementor-type=\"wp-post\" data-elementor-id=\"367\" class=\"elementor elementor-367\">\n\t\t\t\t\t\t<section class=\"elementor-section elementor-top-section elementor-element elementor-element-73dc697 elementor-section-boxed elementor-section-height-default elementor-section-height-default\" data-id=\"73dc697\" data-element_type=\"section\">\n\t\t\t\t\t\t\t<div class=\"elementor-background-overlay\"><\/div>\n\t\t\t\t\t\t\t<div class=\"elementor-container elementor-column-gap-default\">\n\t\t\t\t\t<div class=\"elementor-column elementor-col-50 elementor-top-column elementor-element elementor-element-f8cb4a1\" data-id=\"f8cb4a1\" data-element_type=\"column\">\n\t\t\t<div class=\"elementor-widget-wrap elementor-element-populated\">\n\t\t\t\t\t\t<div class=\"elementor-element elementor-element-4a16bdb elementor-align-center elementor-widget elementor-widget-bdevs-heading\" data-id=\"4a16bdb\" data-element_type=\"widget\" data-widget_type=\"bdevs-heading.default\">\n\t\t\t\t<div class=\"elementor-widget-container\">\n\t\t\t\t\t\t<div class=\"section-title pos-rel tp-el-content\">\r\n\r\n\t\t\t\t\r\n\t\t\t\t<div class=\"section-text pos-rel\">\r\n\t\t\t\t\t\t\t\t\t\t\t<h5 class=\"tp-el-subtitle\">Nos formations<\/h5>\r\n\t\t\t\t\t\r\n\t\t\t\t\t<h2 class=\"sec-title tp-el-title\">Un large choix <br>de formations<\/h2>\r\n\t\t\t\t\t\t\t\t\t<\/div>\r\n\r\n\t\t\t\t\t\t\t<\/div>\r\n\r\n\t\t\t\t<\/div>\n\t\t\t\t<\/div>\n\t\t\t\t<div class=\"elementor-element elementor-element-0f1c24a sans-plus elementor-mobile-align-center elementor-align-center elementor-widget elementor-widget-bdevs-btn\" data-id=\"0f1c24a\" data-element_type=\"widget\" data-widget_type=\"bdevs-btn.default\">\n\t\t\t\t<div class=\"elementor-widget-container\">\n\t\t\t                <div class=\"section-button\">\r\n\t\t\t<a  class=\"btn btn-icon ml-0 tp-el-btn\" href=\"http:\/\/formations-pierre-flamion.com\/wp-content\/uploads\/2025\/12\/2026-Catalogue-numerique-3.pdf\" target=\"_blank\">\r\n\t\t\t\t<span>+<\/span> T\u00e9l\u00e9charger notre catalogue de formations\t\t\t<\/a>\r\n        <\/div>\r\n        \t\r\n\r\n\r\n        \t\t\r\n\r\n\t\t\t<\/div>\n\t\t\t\t<\/div>\n\t\t\t\t<div class=\"elementor-element elementor-element-fa87990 sans-plus elementor-mobile-align-center elementor-align-center elementor-widget elementor-widget-bdevs-btn\" data-id=\"fa87990\" data-element_type=\"widget\" data-widget_type=\"bdevs-btn.default\">\n\t\t\t\t<div class=\"elementor-widget-container\">\n\t\t\t                <div class=\"section-button\">\r\n\t\t\t<a  class=\"btn btn-icon ml-0 tp-el-btn\" href=\"#formations\" target=\"_self\">\r\n\t\t\t\t<span>+<\/span> Voir toutes nos formations\t\t\t<\/a>\r\n        <\/div>\r\n        \t\r\n\r\n\r\n        \t\t\r\n\r\n\t\t\t<\/div>\n\t\t\t\t<\/div>\n\t\t\t\t\t<\/div>\n\t\t<\/div>\n\t\t\t\t<div class=\"elementor-column elementor-col-50 elementor-top-column elementor-element elementor-element-1d186c4\" data-id=\"1d186c4\" data-element_type=\"column\">\n\t\t\t<div class=\"elementor-widget-wrap elementor-element-populated\">\n\t\t\t\t\t\t<div class=\"elementor-element elementor-element-d0d3cdf elementor-widget elementor-widget-image\" data-id=\"d0d3cdf\" data-element_type=\"widget\" data-widget_type=\"image.default\">\n\t\t\t\t<div class=\"elementor-widget-container\">\n\t\t\t\t\t\t\t\t\t\t\t\t\t\t<a href=\"http:\/\/formations-pierre-flamion.com\/wp-content\/uploads\/2025\/12\/2026-Catalogue-numerique-3.pdf\" target=\"_blank\">\n\t\t\t\t\t\t\t<img fetchpriority=\"high\" decoding=\"async\" width=\"640\" height=\"905\" src=\"https:\/\/formations-pierre-flamion.com\/wp-content\/uploads\/2025\/09\/COUVERTURE-CATALOGUE_page-0001-724x1024.jpg\" class=\"attachment-large size-large wp-image-19500\" alt=\"\" srcset=\"https:\/\/formations-pierre-flamion.com\/wp-content\/uploads\/2025\/09\/COUVERTURE-CATALOGUE_page-0001-724x1024.jpg 724w, https:\/\/formations-pierre-flamion.com\/wp-content\/uploads\/2025\/09\/COUVERTURE-CATALOGUE_page-0001-212x300.jpg 212w, https:\/\/formations-pierre-flamion.com\/wp-content\/uploads\/2025\/09\/COUVERTURE-CATALOGUE_page-0001-768x1086.jpg 768w, https:\/\/formations-pierre-flamion.com\/wp-content\/uploads\/2025\/09\/COUVERTURE-CATALOGUE_page-0001-1087x1536.jpg 1087w, https:\/\/formations-pierre-flamion.com\/wp-content\/uploads\/2025\/09\/COUVERTURE-CATALOGUE_page-0001-8x12.jpg 8w, https:\/\/formations-pierre-flamion.com\/wp-content\/uploads\/2025\/09\/COUVERTURE-CATALOGUE_page-0001.jpg 1243w\" sizes=\"(max-width: 640px) 100vw, 640px\" \/>\t\t\t\t\t\t\t\t<\/a>\n\t\t\t\t\t\t\t\t\t\t\t\t\t<\/div>\n\t\t\t\t<\/div>\n\t\t\t\t\t<\/div>\n\t\t<\/div>\n\t\t\t\t\t<\/div>\n\t\t<\/section>\n\t\t\t\t<section class=\"elementor-section elementor-top-section elementor-element elementor-element-b2fd08f elementor-section-full_width elementor-section-height-default elementor-section-height-default\" data-id=\"b2fd08f\" data-element_type=\"section\" id=\"formations\">\n\t\t\t\t\t\t<div class=\"elementor-container elementor-column-gap-no\">\n\t\t\t\t\t<div class=\"elementor-column elementor-col-100 elementor-top-column elementor-element elementor-element-afcc651\" data-id=\"afcc651\" data-element_type=\"column\">\n\t\t\t<div class=\"elementor-widget-wrap elementor-element-populated\">\n\t\t\t\t\t\t<div class=\"elementor-element elementor-element-7d4d804 elementor-align-center elementor-widget elementor-widget-bdevs-service-post\" data-id=\"7d4d804\" data-element_type=\"widget\" data-widget_type=\"bdevs-service-post.default\">\n\t\t\t\t<div class=\"elementor-widget-container\">\n\t\t\t\r\n\t\t\t\t\t<!-- services-area start -->\r\n\t\t\t<section class=\"servcies-area\">\r\n\t\t\t\t<div class=\"container\">\r\n\t\t\t\t\t<div class=\"row \">\r\n\t\t\t\t\t\t\t\t\t\t\t\t\t\t<div class=\"col-xl-4 col-lg-4 col-md-6 col-12\">\r\n\t\t\t\t\t\t\t\t\t<div class=\"service-box-3 mb-30 text-center\">\r\n\t\t\t\t\t\t\t\t\t\t<div class=\"service-thumb\">\r\n\t\t\t\t\t\t\t\t\t\t\t<a href=\"https:\/\/formations-pierre-flamion.com\/en\/formation\/douleur\/\"><img decoding=\"async\" width=\"256\" height=\"256\" src=\"https:\/\/formations-pierre-flamion.com\/wp-content\/uploads\/2024\/03\/douleur-abdominale.png\" class=\"attachment-post-thumbnail size-post-thumbnail wp-post-image\" alt=\"\" srcset=\"https:\/\/formations-pierre-flamion.com\/wp-content\/uploads\/2024\/03\/douleur-abdominale.png 256w, https:\/\/formations-pierre-flamion.com\/wp-content\/uploads\/2024\/03\/douleur-abdominale-150x150.png 150w\" sizes=\"(max-width: 256px) 100vw, 256px\" \/><\/a>\r\n\t\t\t\t\t\t\t\t\t\t<\/div>\r\n\r\n\t\t\t\t\t\t\t\t\t\t<div class=\"service-content-box\">\r\n\t\t\t\t\t\t\t\t\t\t\t<div class=\"service-content bdevs-el-content\">\r\n\r\n\t\t\t\t\t\t\t\t\t\t\t\t\t\t\t\t\t\t\t\t\t\t\t\t\t<h3 class=\"bdevs-el-title\"><a href=\"https:\/\/formations-pierre-flamion.com\/en\/formation\/douleur\/\">Douleur<\/a><\/h3>\r\n\t\t\t\t\t\t\t\t\t\t\t\t\r\n\t\t\t\t\t\t\t\t\t\t\t\t\r\n\t\t\t\t\t\t\t\t\t\t\t\t\t\t\t\t\t\t\t\t\t\t\t<\/div>\r\n\r\n\t\t\t\t\t\t\t\t\t\t\t\r\n\t\t\t\t\t\t\t\t\t\t\t\t\t\t\t\t\t\t\t\t\t\t\t\t\t<a href=\"https:\/\/formations-pierre-flamion.com\/en\/formation\/douleur\/\" class=\"service-link tp-el-btn\">\r\n\t\t\t\t\t\t\t\t\t\t\t\t\t\tVoir les formations\t\t\t\t\t\t\t\t\t\t\t\t\t\t\t\t\t\t\t\t\t\t\t\t\t\t\t\t\t<i class=\"fas fa-angle-double-right\"><\/i>\r\n\t\t\t\t\t\t\t\t\t\t\t\t\t\t\t\t\t\t\t\t\t\t\t\t\t\t\t<\/a>\r\n\t\t\t\t\t\t\t\t\t\t\t\t\r\n\t\t\t\t\t\t\t\t\t\t\t\r\n\t\t\t\t\t\t\t\t\t\t<\/div>\r\n\t\t\t\t\t\t\t\t\t<\/div>\r\n\t\t\t\t\t\t\t\t<\/div>\r\n\t\t\t\t\t\t\t\t\t\t\t\t\t\t<div class=\"col-xl-4 col-lg-4 col-md-6 col-12\">\r\n\t\t\t\t\t\t\t\t\t<div class=\"service-box-3 mb-30 text-center\">\r\n\t\t\t\t\t\t\t\t\t\t<div class=\"service-thumb\">\r\n\t\t\t\t\t\t\t\t\t\t\t<a href=\"https:\/\/formations-pierre-flamion.com\/en\/formation\/education-therapeutique-du-patient\/\"><img decoding=\"async\" width=\"256\" height=\"256\" src=\"https:\/\/formations-pierre-flamion.com\/wp-content\/uploads\/2024\/04\/apprendre.png\" class=\"attachment-post-thumbnail size-post-thumbnail wp-post-image\" alt=\"\" srcset=\"https:\/\/formations-pierre-flamion.com\/wp-content\/uploads\/2024\/04\/apprendre.png 256w, https:\/\/formations-pierre-flamion.com\/wp-content\/uploads\/2024\/04\/apprendre-150x150.png 150w\" sizes=\"(max-width: 256px) 100vw, 256px\" \/><\/a>\r\n\t\t\t\t\t\t\t\t\t\t<\/div>\r\n\r\n\t\t\t\t\t\t\t\t\t\t<div class=\"service-content-box\">\r\n\t\t\t\t\t\t\t\t\t\t\t<div class=\"service-content bdevs-el-content\">\r\n\r\n\t\t\t\t\t\t\t\t\t\t\t\t\t\t\t\t\t\t\t\t\t\t\t\t\t<h3 class=\"bdevs-el-title\"><a href=\"https:\/\/formations-pierre-flamion.com\/en\/formation\/education-therapeutique-du-patient\/\">\u00c9ducation th\u00e9rapeutique du patient<\/a><\/h3>\r\n\t\t\t\t\t\t\t\t\t\t\t\t\r\n\t\t\t\t\t\t\t\t\t\t\t\t\r\n\t\t\t\t\t\t\t\t\t\t\t\t\t\t\t\t\t\t\t\t\t\t\t<\/div>\r\n\r\n\t\t\t\t\t\t\t\t\t\t\t\r\n\t\t\t\t\t\t\t\t\t\t\t\t\t\t\t\t\t\t\t\t\t\t\t\t\t<a href=\"https:\/\/formations-pierre-flamion.com\/en\/formation\/education-therapeutique-du-patient\/\" class=\"service-link tp-el-btn\">\r\n\t\t\t\t\t\t\t\t\t\t\t\t\t\tVoir les formations\t\t\t\t\t\t\t\t\t\t\t\t\t\t\t\t\t\t\t\t\t\t\t\t\t\t\t\t\t<i class=\"fas fa-angle-double-right\"><\/i>\r\n\t\t\t\t\t\t\t\t\t\t\t\t\t\t\t\t\t\t\t\t\t\t\t\t\t\t\t<\/a>\r\n\t\t\t\t\t\t\t\t\t\t\t\t\r\n\t\t\t\t\t\t\t\t\t\t\t\r\n\t\t\t\t\t\t\t\t\t\t<\/div>\r\n\t\t\t\t\t\t\t\t\t<\/div>\r\n\t\t\t\t\t\t\t\t<\/div>\r\n\t\t\t\t\t\t\t\t\t\t\t\t\t\t<div class=\"col-xl-4 col-lg-4 col-md-6 col-12\">\r\n\t\t\t\t\t\t\t\t\t<div class=\"service-box-3 mb-30 text-center\">\r\n\t\t\t\t\t\t\t\t\t\t<div class=\"service-thumb\">\r\n\t\t\t\t\t\t\t\t\t\t\t<a href=\"https:\/\/formations-pierre-flamion.com\/en\/formation\/gerontologie\/\"><img loading=\"lazy\" decoding=\"async\" width=\"256\" height=\"256\" src=\"https:\/\/formations-pierre-flamion.com\/wp-content\/uploads\/2024\/04\/vieil-homme.png\" class=\"attachment-post-thumbnail size-post-thumbnail wp-post-image\" alt=\"\" srcset=\"https:\/\/formations-pierre-flamion.com\/wp-content\/uploads\/2024\/04\/vieil-homme.png 256w, https:\/\/formations-pierre-flamion.com\/wp-content\/uploads\/2024\/04\/vieil-homme-150x150.png 150w\" sizes=\"(max-width: 256px) 100vw, 256px\" \/><\/a>\r\n\t\t\t\t\t\t\t\t\t\t<\/div>\r\n\r\n\t\t\t\t\t\t\t\t\t\t<div class=\"service-content-box\">\r\n\t\t\t\t\t\t\t\t\t\t\t<div class=\"service-content bdevs-el-content\">\r\n\r\n\t\t\t\t\t\t\t\t\t\t\t\t\t\t\t\t\t\t\t\t\t\t\t\t\t<h3 class=\"bdevs-el-title\"><a href=\"https:\/\/formations-pierre-flamion.com\/en\/formation\/gerontologie\/\">G\u00e9rontologie<\/a><\/h3>\r\n\t\t\t\t\t\t\t\t\t\t\t\t\r\n\t\t\t\t\t\t\t\t\t\t\t\t\r\n\t\t\t\t\t\t\t\t\t\t\t\t\t\t\t\t\t\t\t\t\t\t\t<\/div>\r\n\r\n\t\t\t\t\t\t\t\t\t\t\t\r\n\t\t\t\t\t\t\t\t\t\t\t\t\t\t\t\t\t\t\t\t\t\t\t\t\t<a href=\"https:\/\/formations-pierre-flamion.com\/en\/formation\/gerontologie\/\" class=\"service-link tp-el-btn\">\r\n\t\t\t\t\t\t\t\t\t\t\t\t\t\tVoir les formations\t\t\t\t\t\t\t\t\t\t\t\t\t\t\t\t\t\t\t\t\t\t\t\t\t\t\t\t\t<i class=\"fas fa-angle-double-right\"><\/i>\r\n\t\t\t\t\t\t\t\t\t\t\t\t\t\t\t\t\t\t\t\t\t\t\t\t\t\t\t<\/a>\r\n\t\t\t\t\t\t\t\t\t\t\t\t\r\n\t\t\t\t\t\t\t\t\t\t\t\r\n\t\t\t\t\t\t\t\t\t\t<\/div>\r\n\t\t\t\t\t\t\t\t\t<\/div>\r\n\t\t\t\t\t\t\t\t<\/div>\r\n\t\t\t\t\t\t\t\t\t\t\t\t\t\t<div class=\"col-xl-4 col-lg-4 col-md-6 col-12\">\r\n\t\t\t\t\t\t\t\t\t<div class=\"service-box-3 mb-30 text-center\">\r\n\t\t\t\t\t\t\t\t\t\t<div class=\"service-thumb\">\r\n\t\t\t\t\t\t\t\t\t\t\t<a href=\"https:\/\/formations-pierre-flamion.com\/en\/formation\/manutention-ergonomie\/\"><img loading=\"lazy\" decoding=\"async\" width=\"256\" height=\"256\" src=\"https:\/\/formations-pierre-flamion.com\/wp-content\/uploads\/2024\/04\/mal-au-dos-1-1.png\" class=\"attachment-post-thumbnail size-post-thumbnail wp-post-image\" alt=\"\" srcset=\"https:\/\/formations-pierre-flamion.com\/wp-content\/uploads\/2024\/04\/mal-au-dos-1-1.png 256w, https:\/\/formations-pierre-flamion.com\/wp-content\/uploads\/2024\/04\/mal-au-dos-1-1-150x150.png 150w, https:\/\/formations-pierre-flamion.com\/wp-content\/uploads\/2024\/04\/mal-au-dos-1-1-12x12.png 12w\" sizes=\"(max-width: 256px) 100vw, 256px\" \/><\/a>\r\n\t\t\t\t\t\t\t\t\t\t<\/div>\r\n\r\n\t\t\t\t\t\t\t\t\t\t<div class=\"service-content-box\">\r\n\t\t\t\t\t\t\t\t\t\t\t<div class=\"service-content bdevs-el-content\">\r\n\r\n\t\t\t\t\t\t\t\t\t\t\t\t\t\t\t\t\t\t\t\t\t\t\t\t\t<h3 class=\"bdevs-el-title\"><a href=\"https:\/\/formations-pierre-flamion.com\/en\/formation\/manutention-ergonomie\/\">Gestes et postures<\/a><\/h3>\r\n\t\t\t\t\t\t\t\t\t\t\t\t\r\n\t\t\t\t\t\t\t\t\t\t\t\t\r\n\t\t\t\t\t\t\t\t\t\t\t\t\t\t\t\t\t\t\t\t\t\t\t<\/div>\r\n\r\n\t\t\t\t\t\t\t\t\t\t\t\r\n\t\t\t\t\t\t\t\t\t\t\t\t\t\t\t\t\t\t\t\t\t\t\t\t\t<a href=\"https:\/\/formations-pierre-flamion.com\/en\/formation\/manutention-ergonomie\/\" class=\"service-link tp-el-btn\">\r\n\t\t\t\t\t\t\t\t\t\t\t\t\t\tVoir les formations\t\t\t\t\t\t\t\t\t\t\t\t\t\t\t\t\t\t\t\t\t\t\t\t\t\t\t\t\t<i class=\"fas fa-angle-double-right\"><\/i>\r\n\t\t\t\t\t\t\t\t\t\t\t\t\t\t\t\t\t\t\t\t\t\t\t\t\t\t\t<\/a>\r\n\t\t\t\t\t\t\t\t\t\t\t\t\r\n\t\t\t\t\t\t\t\t\t\t\t\r\n\t\t\t\t\t\t\t\t\t\t<\/div>\r\n\t\t\t\t\t\t\t\t\t<\/div>\r\n\t\t\t\t\t\t\t\t<\/div>\r\n\t\t\t\t\t\t\t\t\t\t\t\t\t\t<div class=\"col-xl-4 col-lg-4 col-md-6 col-12\">\r\n\t\t\t\t\t\t\t\t\t<div class=\"service-box-3 mb-30 text-center\">\r\n\t\t\t\t\t\t\t\t\t\t<div class=\"service-thumb\">\r\n\t\t\t\t\t\t\t\t\t\t\t<a href=\"https:\/\/formations-pierre-flamion.com\/en\/formation\/gestion-des-risques-medicaux\/\"><img loading=\"lazy\" decoding=\"async\" width=\"256\" height=\"256\" src=\"https:\/\/formations-pierre-flamion.com\/wp-content\/uploads\/2024\/04\/analyse-de-risque.png\" class=\"attachment-post-thumbnail size-post-thumbnail wp-post-image\" alt=\"\" srcset=\"https:\/\/formations-pierre-flamion.com\/wp-content\/uploads\/2024\/04\/analyse-de-risque.png 256w, https:\/\/formations-pierre-flamion.com\/wp-content\/uploads\/2024\/04\/analyse-de-risque-150x150.png 150w\" sizes=\"(max-width: 256px) 100vw, 256px\" \/><\/a>\r\n\t\t\t\t\t\t\t\t\t\t<\/div>\r\n\r\n\t\t\t\t\t\t\t\t\t\t<div class=\"service-content-box\">\r\n\t\t\t\t\t\t\t\t\t\t\t<div class=\"service-content bdevs-el-content\">\r\n\r\n\t\t\t\t\t\t\t\t\t\t\t\t\t\t\t\t\t\t\t\t\t\t\t\t\t<h3 class=\"bdevs-el-title\"><a href=\"https:\/\/formations-pierre-flamion.com\/en\/formation\/gestion-des-risques-medicaux\/\">Gestion des risques m\u00e9dicaux<\/a><\/h3>\r\n\t\t\t\t\t\t\t\t\t\t\t\t\r\n\t\t\t\t\t\t\t\t\t\t\t\t\r\n\t\t\t\t\t\t\t\t\t\t\t\t\t\t\t\t\t\t\t\t\t\t\t<\/div>\r\n\r\n\t\t\t\t\t\t\t\t\t\t\t\r\n\t\t\t\t\t\t\t\t\t\t\t\t\t\t\t\t\t\t\t\t\t\t\t\t\t<a href=\"https:\/\/formations-pierre-flamion.com\/en\/formation\/gestion-des-risques-medicaux\/\" class=\"service-link tp-el-btn\">\r\n\t\t\t\t\t\t\t\t\t\t\t\t\t\tVoir les formations\t\t\t\t\t\t\t\t\t\t\t\t\t\t\t\t\t\t\t\t\t\t\t\t\t\t\t\t\t<i class=\"fas fa-angle-double-right\"><\/i>\r\n\t\t\t\t\t\t\t\t\t\t\t\t\t\t\t\t\t\t\t\t\t\t\t\t\t\t\t<\/a>\r\n\t\t\t\t\t\t\t\t\t\t\t\t\r\n\t\t\t\t\t\t\t\t\t\t\t\r\n\t\t\t\t\t\t\t\t\t\t<\/div>\r\n\t\t\t\t\t\t\t\t\t<\/div>\r\n\t\t\t\t\t\t\t\t<\/div>\r\n\t\t\t\t\t\t\t\t\t\t\t\t\t\t<div class=\"col-xl-4 col-lg-4 col-md-6 col-12\">\r\n\t\t\t\t\t\t\t\t\t<div class=\"service-box-3 mb-30 text-center\">\r\n\t\t\t\t\t\t\t\t\t\t<div class=\"service-thumb\">\r\n\t\t\t\t\t\t\t\t\t\t\t<a href=\"https:\/\/formations-pierre-flamion.com\/en\/formation\/handicap-vieillissement\/\"><img loading=\"lazy\" decoding=\"async\" width=\"256\" height=\"256\" src=\"https:\/\/formations-pierre-flamion.com\/wp-content\/uploads\/2024\/04\/invalidite.png\" class=\"attachment-post-thumbnail size-post-thumbnail wp-post-image\" alt=\"\" srcset=\"https:\/\/formations-pierre-flamion.com\/wp-content\/uploads\/2024\/04\/invalidite.png 256w, https:\/\/formations-pierre-flamion.com\/wp-content\/uploads\/2024\/04\/invalidite-150x150.png 150w\" sizes=\"(max-width: 256px) 100vw, 256px\" \/><\/a>\r\n\t\t\t\t\t\t\t\t\t\t<\/div>\r\n\r\n\t\t\t\t\t\t\t\t\t\t<div class=\"service-content-box\">\r\n\t\t\t\t\t\t\t\t\t\t\t<div class=\"service-content bdevs-el-content\">\r\n\r\n\t\t\t\t\t\t\t\t\t\t\t\t\t\t\t\t\t\t\t\t\t\t\t\t\t<h3 class=\"bdevs-el-title\"><a href=\"https:\/\/formations-pierre-flamion.com\/en\/formation\/handicap-vieillissement\/\">Handicap \u2013 vieillissement<\/a><\/h3>\r\n\t\t\t\t\t\t\t\t\t\t\t\t\r\n\t\t\t\t\t\t\t\t\t\t\t\t\r\n\t\t\t\t\t\t\t\t\t\t\t\t\t\t\t\t\t\t\t\t\t\t\t<\/div>\r\n\r\n\t\t\t\t\t\t\t\t\t\t\t\r\n\t\t\t\t\t\t\t\t\t\t\t\t\t\t\t\t\t\t\t\t\t\t\t\t\t<a href=\"https:\/\/formations-pierre-flamion.com\/en\/formation\/handicap-vieillissement\/\" class=\"service-link tp-el-btn\">\r\n\t\t\t\t\t\t\t\t\t\t\t\t\t\tVoir les formations\t\t\t\t\t\t\t\t\t\t\t\t\t\t\t\t\t\t\t\t\t\t\t\t\t\t\t\t\t<i class=\"fas fa-angle-double-right\"><\/i>\r\n\t\t\t\t\t\t\t\t\t\t\t\t\t\t\t\t\t\t\t\t\t\t\t\t\t\t\t<\/a>\r\n\t\t\t\t\t\t\t\t\t\t\t\t\r\n\t\t\t\t\t\t\t\t\t\t\t\r\n\t\t\t\t\t\t\t\t\t\t<\/div>\r\n\t\t\t\t\t\t\t\t\t<\/div>\r\n\t\t\t\t\t\t\t\t<\/div>\r\n\t\t\t\t\t\t\t\t\t\t\t\t\t\t<div class=\"col-xl-4 col-lg-4 col-md-6 col-12\">\r\n\t\t\t\t\t\t\t\t\t<div class=\"service-box-3 mb-30 text-center\">\r\n\t\t\t\t\t\t\t\t\t\t<div class=\"service-thumb\">\r\n\t\t\t\t\t\t\t\t\t\t\t<a href=\"https:\/\/formations-pierre-flamion.com\/en\/formation\/management-et-ressources-humaines\/\"><img loading=\"lazy\" decoding=\"async\" width=\"256\" height=\"256\" src=\"https:\/\/formations-pierre-flamion.com\/wp-content\/uploads\/2024\/04\/management.png\" class=\"attachment-post-thumbnail size-post-thumbnail wp-post-image\" alt=\"\" srcset=\"https:\/\/formations-pierre-flamion.com\/wp-content\/uploads\/2024\/04\/management.png 256w, https:\/\/formations-pierre-flamion.com\/wp-content\/uploads\/2024\/04\/management-150x150.png 150w\" sizes=\"(max-width: 256px) 100vw, 256px\" \/><\/a>\r\n\t\t\t\t\t\t\t\t\t\t<\/div>\r\n\r\n\t\t\t\t\t\t\t\t\t\t<div class=\"service-content-box\">\r\n\t\t\t\t\t\t\t\t\t\t\t<div class=\"service-content bdevs-el-content\">\r\n\r\n\t\t\t\t\t\t\t\t\t\t\t\t\t\t\t\t\t\t\t\t\t\t\t\t\t<h3 class=\"bdevs-el-title\"><a href=\"https:\/\/formations-pierre-flamion.com\/en\/formation\/management-et-ressources-humaines\/\">Management et Ressources humaines<\/a><\/h3>\r\n\t\t\t\t\t\t\t\t\t\t\t\t\r\n\t\t\t\t\t\t\t\t\t\t\t\t\r\n\t\t\t\t\t\t\t\t\t\t\t\t\t\t\t\t\t\t\t\t\t\t\t<\/div>\r\n\r\n\t\t\t\t\t\t\t\t\t\t\t\r\n\t\t\t\t\t\t\t\t\t\t\t\t\t\t\t\t\t\t\t\t\t\t\t\t\t<a href=\"https:\/\/formations-pierre-flamion.com\/en\/formation\/management-et-ressources-humaines\/\" class=\"service-link tp-el-btn\">\r\n\t\t\t\t\t\t\t\t\t\t\t\t\t\tVoir les formations\t\t\t\t\t\t\t\t\t\t\t\t\t\t\t\t\t\t\t\t\t\t\t\t\t\t\t\t\t<i class=\"fas fa-angle-double-right\"><\/i>\r\n\t\t\t\t\t\t\t\t\t\t\t\t\t\t\t\t\t\t\t\t\t\t\t\t\t\t\t<\/a>\r\n\t\t\t\t\t\t\t\t\t\t\t\t\r\n\t\t\t\t\t\t\t\t\t\t\t\r\n\t\t\t\t\t\t\t\t\t\t<\/div>\r\n\t\t\t\t\t\t\t\t\t<\/div>\r\n\t\t\t\t\t\t\t\t<\/div>\r\n\t\t\t\t\t\t\t\t\t\t\t\t\t\t<div class=\"col-xl-4 col-lg-4 col-md-6 col-12\">\r\n\t\t\t\t\t\t\t\t\t<div class=\"service-box-3 mb-30 text-center\">\r\n\t\t\t\t\t\t\t\t\t\t<div class=\"service-thumb\">\r\n\t\t\t\t\t\t\t\t\t\t\t<a href=\"https:\/\/formations-pierre-flamion.com\/en\/formation\/pratiques-soignantes\/\"><img loading=\"lazy\" decoding=\"async\" width=\"256\" height=\"256\" src=\"https:\/\/formations-pierre-flamion.com\/wp-content\/uploads\/2024\/04\/infirmier.png\" class=\"attachment-post-thumbnail size-post-thumbnail wp-post-image\" alt=\"\" srcset=\"https:\/\/formations-pierre-flamion.com\/wp-content\/uploads\/2024\/04\/infirmier.png 256w, https:\/\/formations-pierre-flamion.com\/wp-content\/uploads\/2024\/04\/infirmier-150x150.png 150w\" sizes=\"(max-width: 256px) 100vw, 256px\" \/><\/a>\r\n\t\t\t\t\t\t\t\t\t\t<\/div>\r\n\r\n\t\t\t\t\t\t\t\t\t\t<div class=\"service-content-box\">\r\n\t\t\t\t\t\t\t\t\t\t\t<div class=\"service-content bdevs-el-content\">\r\n\r\n\t\t\t\t\t\t\t\t\t\t\t\t\t\t\t\t\t\t\t\t\t\t\t\t\t<h3 class=\"bdevs-el-title\"><a href=\"https:\/\/formations-pierre-flamion.com\/en\/formation\/pratiques-soignantes\/\">Pratiques soignantes<\/a><\/h3>\r\n\t\t\t\t\t\t\t\t\t\t\t\t\r\n\t\t\t\t\t\t\t\t\t\t\t\t\r\n\t\t\t\t\t\t\t\t\t\t\t\t\t\t\t\t\t\t\t\t\t\t\t<\/div>\r\n\r\n\t\t\t\t\t\t\t\t\t\t\t\r\n\t\t\t\t\t\t\t\t\t\t\t\t\t\t\t\t\t\t\t\t\t\t\t\t\t<a href=\"https:\/\/formations-pierre-flamion.com\/en\/formation\/pratiques-soignantes\/\" class=\"service-link tp-el-btn\">\r\n\t\t\t\t\t\t\t\t\t\t\t\t\t\tVoir les formations\t\t\t\t\t\t\t\t\t\t\t\t\t\t\t\t\t\t\t\t\t\t\t\t\t\t\t\t\t<i class=\"fas fa-angle-double-right\"><\/i>\r\n\t\t\t\t\t\t\t\t\t\t\t\t\t\t\t\t\t\t\t\t\t\t\t\t\t\t\t<\/a>\r\n\t\t\t\t\t\t\t\t\t\t\t\t\r\n\t\t\t\t\t\t\t\t\t\t\t\r\n\t\t\t\t\t\t\t\t\t\t<\/div>\r\n\t\t\t\t\t\t\t\t\t<\/div>\r\n\t\t\t\t\t\t\t\t<\/div>\r\n\t\t\t\t\t\t\t\t\t\t\t\t\t\t<div class=\"col-xl-4 col-lg-4 col-md-6 col-12\">\r\n\t\t\t\t\t\t\t\t\t<div class=\"service-box-3 mb-30 text-center\">\r\n\t\t\t\t\t\t\t\t\t\t<div class=\"service-thumb\">\r\n\t\t\t\t\t\t\t\t\t\t\t<a href=\"https:\/\/formations-pierre-flamion.com\/en\/formation\/prevention-des-risques-professionnels\/\"><img loading=\"lazy\" decoding=\"async\" width=\"256\" height=\"256\" src=\"https:\/\/formations-pierre-flamion.com\/wp-content\/uploads\/2024\/04\/adn.png\" class=\"attachment-post-thumbnail size-post-thumbnail wp-post-image\" alt=\"\" srcset=\"https:\/\/formations-pierre-flamion.com\/wp-content\/uploads\/2024\/04\/adn.png 256w, https:\/\/formations-pierre-flamion.com\/wp-content\/uploads\/2024\/04\/adn-150x150.png 150w\" sizes=\"(max-width: 256px) 100vw, 256px\" \/><\/a>\r\n\t\t\t\t\t\t\t\t\t\t<\/div>\r\n\r\n\t\t\t\t\t\t\t\t\t\t<div class=\"service-content-box\">\r\n\t\t\t\t\t\t\t\t\t\t\t<div class=\"service-content bdevs-el-content\">\r\n\r\n\t\t\t\t\t\t\t\t\t\t\t\t\t\t\t\t\t\t\t\t\t\t\t\t\t<h3 class=\"bdevs-el-title\"><a href=\"https:\/\/formations-pierre-flamion.com\/en\/formation\/prevention-des-risques-professionnels\/\">Pr\u00e9vention des risques professionnels<\/a><\/h3>\r\n\t\t\t\t\t\t\t\t\t\t\t\t\r\n\t\t\t\t\t\t\t\t\t\t\t\t\r\n\t\t\t\t\t\t\t\t\t\t\t\t\t\t\t\t\t\t\t\t\t\t\t<\/div>\r\n\r\n\t\t\t\t\t\t\t\t\t\t\t\r\n\t\t\t\t\t\t\t\t\t\t\t\t\t\t\t\t\t\t\t\t\t\t\t\t\t<a href=\"https:\/\/formations-pierre-flamion.com\/en\/formation\/prevention-des-risques-professionnels\/\" class=\"service-link tp-el-btn\">\r\n\t\t\t\t\t\t\t\t\t\t\t\t\t\tVoir les formations\t\t\t\t\t\t\t\t\t\t\t\t\t\t\t\t\t\t\t\t\t\t\t\t\t\t\t\t\t<i class=\"fas fa-angle-double-right\"><\/i>\r\n\t\t\t\t\t\t\t\t\t\t\t\t\t\t\t\t\t\t\t\t\t\t\t\t\t\t\t<\/a>\r\n\t\t\t\t\t\t\t\t\t\t\t\t\r\n\t\t\t\t\t\t\t\t\t\t\t\r\n\t\t\t\t\t\t\t\t\t\t<\/div>\r\n\t\t\t\t\t\t\t\t\t<\/div>\r\n\t\t\t\t\t\t\t\t<\/div>\r\n\t\t\t\t\t\t\t\t\t\t\t\t\t\t<div class=\"col-xl-4 col-lg-4 col-md-6 col-12\">\r\n\t\t\t\t\t\t\t\t\t<div class=\"service-box-3 mb-30 text-center\">\r\n\t\t\t\t\t\t\t\t\t\t<div class=\"service-thumb\">\r\n\t\t\t\t\t\t\t\t\t\t\t<a href=\"https:\/\/formations-pierre-flamion.com\/en\/formation\/psychiatrie\/\"><img loading=\"lazy\" decoding=\"async\" width=\"256\" height=\"256\" src=\"https:\/\/formations-pierre-flamion.com\/wp-content\/uploads\/2024\/04\/cerveau.png\" class=\"attachment-post-thumbnail size-post-thumbnail wp-post-image\" alt=\"\" srcset=\"https:\/\/formations-pierre-flamion.com\/wp-content\/uploads\/2024\/04\/cerveau.png 256w, https:\/\/formations-pierre-flamion.com\/wp-content\/uploads\/2024\/04\/cerveau-150x150.png 150w\" sizes=\"(max-width: 256px) 100vw, 256px\" \/><\/a>\r\n\t\t\t\t\t\t\t\t\t\t<\/div>\r\n\r\n\t\t\t\t\t\t\t\t\t\t<div class=\"service-content-box\">\r\n\t\t\t\t\t\t\t\t\t\t\t<div class=\"service-content bdevs-el-content\">\r\n\r\n\t\t\t\t\t\t\t\t\t\t\t\t\t\t\t\t\t\t\t\t\t\t\t\t\t<h3 class=\"bdevs-el-title\"><a href=\"https:\/\/formations-pierre-flamion.com\/en\/formation\/psychiatrie\/\">Psychiatrie<\/a><\/h3>\r\n\t\t\t\t\t\t\t\t\t\t\t\t\r\n\t\t\t\t\t\t\t\t\t\t\t\t\r\n\t\t\t\t\t\t\t\t\t\t\t\t\t\t\t\t\t\t\t\t\t\t\t<\/div>\r\n\r\n\t\t\t\t\t\t\t\t\t\t\t\r\n\t\t\t\t\t\t\t\t\t\t\t\t\t\t\t\t\t\t\t\t\t\t\t\t\t<a href=\"https:\/\/formations-pierre-flamion.com\/en\/formation\/psychiatrie\/\" class=\"service-link tp-el-btn\">\r\n\t\t\t\t\t\t\t\t\t\t\t\t\t\tVoir les formations\t\t\t\t\t\t\t\t\t\t\t\t\t\t\t\t\t\t\t\t\t\t\t\t\t\t\t\t\t<i class=\"fas fa-angle-double-right\"><\/i>\r\n\t\t\t\t\t\t\t\t\t\t\t\t\t\t\t\t\t\t\t\t\t\t\t\t\t\t\t<\/a>\r\n\t\t\t\t\t\t\t\t\t\t\t\t\r\n\t\t\t\t\t\t\t\t\t\t\t\r\n\t\t\t\t\t\t\t\t\t\t<\/div>\r\n\t\t\t\t\t\t\t\t\t<\/div>\r\n\t\t\t\t\t\t\t\t<\/div>\r\n\t\t\t\t\t\t\t\t\t\t\t\t\t\t<div class=\"col-xl-4 col-lg-4 col-md-6 col-12\">\r\n\t\t\t\t\t\t\t\t\t<div class=\"service-box-3 mb-30 text-center\">\r\n\t\t\t\t\t\t\t\t\t\t<div class=\"service-thumb\">\r\n\t\t\t\t\t\t\t\t\t\t\t<a href=\"https:\/\/formations-pierre-flamion.com\/en\/formation\/psychologie-appliquee\/\"><img loading=\"lazy\" decoding=\"async\" width=\"256\" height=\"256\" src=\"https:\/\/formations-pierre-flamion.com\/wp-content\/uploads\/2024\/04\/psychologie.png\" class=\"attachment-post-thumbnail size-post-thumbnail wp-post-image\" alt=\"\" srcset=\"https:\/\/formations-pierre-flamion.com\/wp-content\/uploads\/2024\/04\/psychologie.png 256w, https:\/\/formations-pierre-flamion.com\/wp-content\/uploads\/2024\/04\/psychologie-150x150.png 150w\" sizes=\"(max-width: 256px) 100vw, 256px\" \/><\/a>\r\n\t\t\t\t\t\t\t\t\t\t<\/div>\r\n\r\n\t\t\t\t\t\t\t\t\t\t<div class=\"service-content-box\">\r\n\t\t\t\t\t\t\t\t\t\t\t<div class=\"service-content bdevs-el-content\">\r\n\r\n\t\t\t\t\t\t\t\t\t\t\t\t\t\t\t\t\t\t\t\t\t\t\t\t\t<h3 class=\"bdevs-el-title\"><a href=\"https:\/\/formations-pierre-flamion.com\/en\/formation\/psychologie-appliquee\/\">Psychologie appliqu\u00e9e<\/a><\/h3>\r\n\t\t\t\t\t\t\t\t\t\t\t\t\r\n\t\t\t\t\t\t\t\t\t\t\t\t\r\n\t\t\t\t\t\t\t\t\t\t\t\t\t\t\t\t\t\t\t\t\t\t\t<\/div>\r\n\r\n\t\t\t\t\t\t\t\t\t\t\t\r\n\t\t\t\t\t\t\t\t\t\t\t\t\t\t\t\t\t\t\t\t\t\t\t\t\t<a href=\"https:\/\/formations-pierre-flamion.com\/en\/formation\/psychologie-appliquee\/\" class=\"service-link tp-el-btn\">\r\n\t\t\t\t\t\t\t\t\t\t\t\t\t\tVoir les formations\t\t\t\t\t\t\t\t\t\t\t\t\t\t\t\t\t\t\t\t\t\t\t\t\t\t\t\t\t<i class=\"fas fa-angle-double-right\"><\/i>\r\n\t\t\t\t\t\t\t\t\t\t\t\t\t\t\t\t\t\t\t\t\t\t\t\t\t\t\t<\/a>\r\n\t\t\t\t\t\t\t\t\t\t\t\t\r\n\t\t\t\t\t\t\t\t\t\t\t\r\n\t\t\t\t\t\t\t\t\t\t<\/div>\r\n\t\t\t\t\t\t\t\t\t<\/div>\r\n\t\t\t\t\t\t\t\t<\/div>\r\n\t\t\t\t\t\t\t\t\t\t\t\t\t\t<div class=\"col-xl-4 col-lg-4 col-md-6 col-12\">\r\n\t\t\t\t\t\t\t\t\t<div class=\"service-box-3 mb-30 text-center\">\r\n\t\t\t\t\t\t\t\t\t\t<div class=\"service-thumb\">\r\n\t\t\t\t\t\t\t\t\t\t\t<a href=\"https:\/\/formations-pierre-flamion.com\/en\/formation\/reanimation\/\"><img loading=\"lazy\" decoding=\"async\" width=\"256\" height=\"256\" src=\"https:\/\/formations-pierre-flamion.com\/wp-content\/uploads\/2024\/04\/battement-de-coeur.png\" class=\"attachment-post-thumbnail size-post-thumbnail wp-post-image\" alt=\"\" srcset=\"https:\/\/formations-pierre-flamion.com\/wp-content\/uploads\/2024\/04\/battement-de-coeur.png 256w, https:\/\/formations-pierre-flamion.com\/wp-content\/uploads\/2024\/04\/battement-de-coeur-150x150.png 150w\" sizes=\"(max-width: 256px) 100vw, 256px\" \/><\/a>\r\n\t\t\t\t\t\t\t\t\t\t<\/div>\r\n\r\n\t\t\t\t\t\t\t\t\t\t<div class=\"service-content-box\">\r\n\t\t\t\t\t\t\t\t\t\t\t<div class=\"service-content bdevs-el-content\">\r\n\r\n\t\t\t\t\t\t\t\t\t\t\t\t\t\t\t\t\t\t\t\t\t\t\t\t\t<h3 class=\"bdevs-el-title\"><a href=\"https:\/\/formations-pierre-flamion.com\/en\/formation\/reanimation\/\">R\u00e9animation<\/a><\/h3>\r\n\t\t\t\t\t\t\t\t\t\t\t\t\r\n\t\t\t\t\t\t\t\t\t\t\t\t\r\n\t\t\t\t\t\t\t\t\t\t\t\t\t\t\t\t\t\t\t\t\t\t\t<\/div>\r\n\r\n\t\t\t\t\t\t\t\t\t\t\t\r\n\t\t\t\t\t\t\t\t\t\t\t\t\t\t\t\t\t\t\t\t\t\t\t\t\t<a href=\"https:\/\/formations-pierre-flamion.com\/en\/formation\/reanimation\/\" class=\"service-link tp-el-btn\">\r\n\t\t\t\t\t\t\t\t\t\t\t\t\t\tVoir les formations\t\t\t\t\t\t\t\t\t\t\t\t\t\t\t\t\t\t\t\t\t\t\t\t\t\t\t\t\t<i class=\"fas fa-angle-double-right\"><\/i>\r\n\t\t\t\t\t\t\t\t\t\t\t\t\t\t\t\t\t\t\t\t\t\t\t\t\t\t\t<\/a>\r\n\t\t\t\t\t\t\t\t\t\t\t\t\r\n\t\t\t\t\t\t\t\t\t\t\t\r\n\t\t\t\t\t\t\t\t\t\t<\/div>\r\n\t\t\t\t\t\t\t\t\t<\/div>\r\n\t\t\t\t\t\t\t\t<\/div>\r\n\t\t\t\t\t\t\t\t\t\t\t\t\t\t<div class=\"col-xl-4 col-lg-4 col-md-6 col-12\">\r\n\t\t\t\t\t\t\t\t\t<div class=\"service-box-3 mb-30 text-center\">\r\n\t\t\t\t\t\t\t\t\t\t<div class=\"service-thumb\">\r\n\t\t\t\t\t\t\t\t\t\t\t<a href=\"https:\/\/formations-pierre-flamion.com\/en\/formation\/sante-et-securite-au-travail\/\"><img loading=\"lazy\" decoding=\"async\" width=\"256\" height=\"256\" src=\"https:\/\/formations-pierre-flamion.com\/wp-content\/uploads\/2024\/04\/gel-antibacterien.png\" class=\"attachment-post-thumbnail size-post-thumbnail wp-post-image\" alt=\"\" srcset=\"https:\/\/formations-pierre-flamion.com\/wp-content\/uploads\/2024\/04\/gel-antibacterien.png 256w, https:\/\/formations-pierre-flamion.com\/wp-content\/uploads\/2024\/04\/gel-antibacterien-150x150.png 150w, https:\/\/formations-pierre-flamion.com\/wp-content\/uploads\/2024\/04\/gel-antibacterien-12x12.png 12w\" sizes=\"(max-width: 256px) 100vw, 256px\" \/><\/a>\r\n\t\t\t\t\t\t\t\t\t\t<\/div>\r\n\r\n\t\t\t\t\t\t\t\t\t\t<div class=\"service-content-box\">\r\n\t\t\t\t\t\t\t\t\t\t\t<div class=\"service-content bdevs-el-content\">\r\n\r\n\t\t\t\t\t\t\t\t\t\t\t\t\t\t\t\t\t\t\t\t\t\t\t\t\t<h3 class=\"bdevs-el-title\"><a href=\"https:\/\/formations-pierre-flamion.com\/en\/formation\/sante-et-securite-au-travail\/\">Sant\u00e9 et S\u00e9curit\u00e9 au travail<\/a><\/h3>\r\n\t\t\t\t\t\t\t\t\t\t\t\t\r\n\t\t\t\t\t\t\t\t\t\t\t\t\r\n\t\t\t\t\t\t\t\t\t\t\t\t\t\t\t\t\t\t\t\t\t\t\t<\/div>\r\n\r\n\t\t\t\t\t\t\t\t\t\t\t\r\n\t\t\t\t\t\t\t\t\t\t\t\t\t\t\t\t\t\t\t\t\t\t\t\t\t<a href=\"https:\/\/formations-pierre-flamion.com\/en\/formation\/sante-et-securite-au-travail\/\" class=\"service-link tp-el-btn\">\r\n\t\t\t\t\t\t\t\t\t\t\t\t\t\tVoir les formations\t\t\t\t\t\t\t\t\t\t\t\t\t\t\t\t\t\t\t\t\t\t\t\t\t\t\t\t\t<i class=\"fas fa-angle-double-right\"><\/i>\r\n\t\t\t\t\t\t\t\t\t\t\t\t\t\t\t\t\t\t\t\t\t\t\t\t\t\t\t<\/a>\r\n\t\t\t\t\t\t\t\t\t\t\t\t\r\n\t\t\t\t\t\t\t\t\t\t\t\r\n\t\t\t\t\t\t\t\t\t\t<\/div>\r\n\t\t\t\t\t\t\t\t\t<\/div>\r\n\t\t\t\t\t\t\t\t<\/div>\r\n\t\t\t\t\t\t\t\t\t\t\t\t\t\t<div class=\"col-xl-4 col-lg-4 col-md-6 col-12\">\r\n\t\t\t\t\t\t\t\t\t<div class=\"service-box-3 mb-30 text-center\">\r\n\t\t\t\t\t\t\t\t\t\t<div class=\"service-thumb\">\r\n\t\t\t\t\t\t\t\t\t\t\t<a href=\"https:\/\/formations-pierre-flamion.com\/en\/formation\/therapies-complementaires\/\"><img loading=\"lazy\" decoding=\"async\" width=\"187\" height=\"195\" src=\"https:\/\/formations-pierre-flamion.com\/wp-content\/uploads\/2024\/04\/therapie-2.png\" class=\"attachment-post-thumbnail size-post-thumbnail wp-post-image\" alt=\"\" \/><\/a>\r\n\t\t\t\t\t\t\t\t\t\t<\/div>\r\n\r\n\t\t\t\t\t\t\t\t\t\t<div class=\"service-content-box\">\r\n\t\t\t\t\t\t\t\t\t\t\t<div class=\"service-content bdevs-el-content\">\r\n\r\n\t\t\t\t\t\t\t\t\t\t\t\t\t\t\t\t\t\t\t\t\t\t\t\t\t<h3 class=\"bdevs-el-title\"><a href=\"https:\/\/formations-pierre-flamion.com\/en\/formation\/therapies-complementaires\/\">Th\u00e9rapies compl\u00e9mentaires<\/a><\/h3>\r\n\t\t\t\t\t\t\t\t\t\t\t\t\r\n\t\t\t\t\t\t\t\t\t\t\t\t\r\n\t\t\t\t\t\t\t\t\t\t\t\t\t\t\t\t\t\t\t\t\t\t\t<\/div>\r\n\r\n\t\t\t\t\t\t\t\t\t\t\t\r\n\t\t\t\t\t\t\t\t\t\t\t\t\t\t\t\t\t\t\t\t\t\t\t\t\t<a href=\"https:\/\/formations-pierre-flamion.com\/en\/formation\/therapies-complementaires\/\" class=\"service-link tp-el-btn\">\r\n\t\t\t\t\t\t\t\t\t\t\t\t\t\tVoir les formations\t\t\t\t\t\t\t\t\t\t\t\t\t\t\t\t\t\t\t\t\t\t\t\t\t\t\t\t\t<i class=\"fas fa-angle-double-right\"><\/i>\r\n\t\t\t\t\t\t\t\t\t\t\t\t\t\t\t\t\t\t\t\t\t\t\t\t\t\t\t<\/a>\r\n\t\t\t\t\t\t\t\t\t\t\t\t\r\n\t\t\t\t\t\t\t\t\t\t\t\r\n\t\t\t\t\t\t\t\t\t\t<\/div>\r\n\t\t\t\t\t\t\t\t\t<\/div>\r\n\t\t\t\t\t\t\t\t<\/div>\r\n\t\t\t\t\t\t\t\t\t\t\t\t\t\t<div class=\"col-xl-4 col-lg-4 col-md-6 col-12\">\r\n\t\t\t\t\t\t\t\t\t<div class=\"service-box-3 mb-30 text-center\">\r\n\t\t\t\t\t\t\t\t\t\t<div class=\"service-thumb\">\r\n\t\t\t\t\t\t\t\t\t\t\t<a href=\"https:\/\/formations-pierre-flamion.com\/en\/formation\/urgence\/\"><img loading=\"lazy\" decoding=\"async\" width=\"256\" height=\"256\" src=\"https:\/\/formations-pierre-flamion.com\/wp-content\/uploads\/2024\/04\/urgence.png\" class=\"attachment-post-thumbnail size-post-thumbnail wp-post-image\" alt=\"\" srcset=\"https:\/\/formations-pierre-flamion.com\/wp-content\/uploads\/2024\/04\/urgence.png 256w, https:\/\/formations-pierre-flamion.com\/wp-content\/uploads\/2024\/04\/urgence-150x150.png 150w\" sizes=\"(max-width: 256px) 100vw, 256px\" \/><\/a>\r\n\t\t\t\t\t\t\t\t\t\t<\/div>\r\n\r\n\t\t\t\t\t\t\t\t\t\t<div class=\"service-content-box\">\r\n\t\t\t\t\t\t\t\t\t\t\t<div class=\"service-content bdevs-el-content\">\r\n\r\n\t\t\t\t\t\t\t\t\t\t\t\t\t\t\t\t\t\t\t\t\t\t\t\t\t<h3 class=\"bdevs-el-title\"><a href=\"https:\/\/formations-pierre-flamion.com\/en\/formation\/urgence\/\">Urgence<\/a><\/h3>\r\n\t\t\t\t\t\t\t\t\t\t\t\t\r\n\t\t\t\t\t\t\t\t\t\t\t\t\r\n\t\t\t\t\t\t\t\t\t\t\t\t\t\t\t\t\t\t\t\t\t\t\t<\/div>\r\n\r\n\t\t\t\t\t\t\t\t\t\t\t\r\n\t\t\t\t\t\t\t\t\t\t\t\t\t\t\t\t\t\t\t\t\t\t\t\t\t<a href=\"https:\/\/formations-pierre-flamion.com\/en\/formation\/urgence\/\" class=\"service-link tp-el-btn\">\r\n\t\t\t\t\t\t\t\t\t\t\t\t\t\tVoir les formations\t\t\t\t\t\t\t\t\t\t\t\t\t\t\t\t\t\t\t\t\t\t\t\t\t\t\t\t\t<i class=\"fas fa-angle-double-right\"><\/i>\r\n\t\t\t\t\t\t\t\t\t\t\t\t\t\t\t\t\t\t\t\t\t\t\t\t\t\t\t<\/a>\r\n\t\t\t\t\t\t\t\t\t\t\t\t\r\n\t\t\t\t\t\t\t\t\t\t\t\r\n\t\t\t\t\t\t\t\t\t\t<\/div>\r\n\t\t\t\t\t\t\t\t\t<\/div>\r\n\t\t\t\t\t\t\t\t<\/div>\r\n\t\t\t\t\t\t\t\t\t\t\t<\/div>\r\n\t\t\t\t<\/div>\r\n\t\t\t<\/section>\r\n\t\t\t<!-- services-area end -->\r\n\r\n\t\t\r\n\t\t<\/div>\n\t\t\t\t<\/div>\n\t\t\t\t\t<\/div>\n\t\t<\/div>\n\t\t\t\t\t<\/div>\n\t\t<\/section>\n\t\t\t\t<section class=\"elementor-section elementor-top-section elementor-element elementor-element-b07ff31 elementor-section-full_width elementor-section-height-default elementor-section-height-default\" data-id=\"b07ff31\" data-element_type=\"section\">\n\t\t\t\t\t\t<div class=\"elementor-container elementor-column-gap-no\">\n\t\t\t\t\t<div class=\"elementor-column elementor-col-100 elementor-top-column elementor-element elementor-element-29bd681\" data-id=\"29bd681\" data-element_type=\"column\">\n\t\t\t<div class=\"elementor-widget-wrap elementor-element-populated\">\n\t\t\t\t\t\t<div class=\"elementor-element elementor-element-fe3f560 elementor-align-left elementor-widget elementor-widget-bdevs-appointment\" data-id=\"fe3f560\" data-element_type=\"widget\" data-widget_type=\"bdevs-appointment.default\">\n\t\t\t\t<div class=\"elementor-widget-container\">\n\t\t\t\r\n\t   \t        <section class=\"calculate-area pos-rel pt-115 pb-120\" data-background=\"\">\r\n            <div class=\"container\">\r\n                <div class=\"row\">\r\n                    <div class=\"col-xl-7 col-lg-6 col-md-10\">\r\n                        <div class=\"section-title calculate-section pos-rel mb-45\">\r\n                            <div class=\"section-text section-text-white pos-rel tp-el-content\">\r\n\t\t\t\t\t\t\t\t\t\t\t\t\t                <h5 class=\"tp-el-subtitle\">Pour plus d\u2019informations<\/h5>\r\n\t\t\t\t\t             \r\n\r\n\t\t\t\t\t\t\t\t\t\t\t\t\t                <h2 class=\"sec-title tp-el-title\">Demander un devis<\/h2>\r\n\t\t\t\t\t            \r\n                                \t\t\t\t\t\t\t\t<p>Les r\u00e9ponses aux questions pos\u00e9es dans ce formulaire sont n\u00e9cessaires pour assurer le traitement de votre demande.\n<br><br>\nNous nous engageons \u00e0 vous r\u00e9pondre sous 48 heures.\n<br><br>\n<b>Pour les personnes en situation de handicap, merci de nous contacter.<\/b><\/p>\r\n\t\t\t\t\t\t\t\t\t\r\n                            <\/div>\r\n                        <\/div>\r\n                                            <\/div>\r\n                    <div class=\"col-xl-5 col-lg-6\">\r\n                        <div class=\"calculate-box white-bg\">\r\n                            <div class=\"calculate-content\">\r\n                            \t\n<div class=\"wpcf7 no-js\" id=\"wpcf7-f546-o1\" lang=\"en-US\" dir=\"ltr\" data-wpcf7-id=\"546\">\n<div class=\"screen-reader-response\"><p role=\"status\" aria-live=\"polite\" aria-atomic=\"true\"><\/p> <ul><\/ul><\/div>\n<form action=\"\/en\/wp-json\/wp\/v2\/pages\/367#wpcf7-f546-o1\" method=\"post\" class=\"wpcf7-form init\" aria-label=\"Contact form\" novalidate=\"novalidate\" data-status=\"init\">\n<fieldset class=\"hidden-fields-container\"><input type=\"hidden\" name=\"_wpcf7\" value=\"546\" \/><input type=\"hidden\" name=\"_wpcf7_version\" value=\"6.1.5\" \/><input type=\"hidden\" name=\"_wpcf7_locale\" value=\"en_US\" \/><input type=\"hidden\" name=\"_wpcf7_unit_tag\" value=\"wpcf7-f546-o1\" \/><input type=\"hidden\" name=\"_wpcf7_container_post\" value=\"0\" \/><input type=\"hidden\" name=\"_wpcf7_posted_data_hash\" value=\"\" \/><input type=\"hidden\" name=\"_wpcf7cf_hidden_group_fields\" value=\"[]\" \/><input type=\"hidden\" name=\"_wpcf7cf_hidden_groups\" value=\"[]\" \/><input type=\"hidden\" name=\"_wpcf7cf_visible_groups\" value=\"[]\" \/><input type=\"hidden\" name=\"_wpcf7cf_repeaters\" value=\"[]\" \/><input type=\"hidden\" name=\"_wpcf7cf_steps\" value=\"{}\" \/><input type=\"hidden\" name=\"_wpcf7cf_options\" value=\"{&quot;form_id&quot;:546,&quot;conditions&quot;:[{&quot;then_field&quot;:&quot;douleur&quot;,&quot;and_rules&quot;:[{&quot;if_field&quot;:&quot;formation&quot;,&quot;operator&quot;:&quot;equals&quot;,&quot;if_value&quot;:&quot;Douleur&quot;}]},{&quot;then_field&quot;:&quot;educationTherapeutique&quot;,&quot;and_rules&quot;:[{&quot;if_field&quot;:&quot;formation&quot;,&quot;operator&quot;:&quot;equals&quot;,&quot;if_value&quot;:&quot;\\u00c9ducation Th\\u00e9rapeutique du Patient&quot;}]},{&quot;then_field&quot;:&quot;gerontologie&quot;,&quot;and_rules&quot;:[{&quot;if_field&quot;:&quot;formation&quot;,&quot;operator&quot;:&quot;equals&quot;,&quot;if_value&quot;:&quot;G\\u00e9rontologie&quot;}]},{&quot;then_field&quot;:&quot;gestes&quot;,&quot;and_rules&quot;:[{&quot;if_field&quot;:&quot;formation&quot;,&quot;operator&quot;:&quot;equals&quot;,&quot;if_value&quot;:&quot;Gestes et postures&quot;}]},{&quot;then_field&quot;:&quot;risques&quot;,&quot;and_rules&quot;:[{&quot;if_field&quot;:&quot;formation&quot;,&quot;operator&quot;:&quot;equals&quot;,&quot;if_value&quot;:&quot;Gestion des risques m\\u00e9dicaux&quot;}]},{&quot;then_field&quot;:&quot;Handicap&quot;,&quot;and_rules&quot;:[{&quot;if_field&quot;:&quot;formation&quot;,&quot;operator&quot;:&quot;equals&quot;,&quot;if_value&quot;:&quot;Handicap \\u2013 vieillissement&quot;}]},{&quot;then_field&quot;:&quot;informatique&quot;,&quot;and_rules&quot;:[{&quot;if_field&quot;:&quot;formation&quot;,&quot;operator&quot;:&quot;equals&quot;,&quot;if_value&quot;:&quot;Informatique&quot;}]},{&quot;then_field&quot;:&quot;management&quot;,&quot;and_rules&quot;:[{&quot;if_field&quot;:&quot;formation&quot;,&quot;operator&quot;:&quot;equals&quot;,&quot;if_value&quot;:&quot;Management et ressources humaines&quot;}]},{&quot;then_field&quot;:&quot;pratiques-soignantes&quot;,&quot;and_rules&quot;:[{&quot;if_field&quot;:&quot;formation&quot;,&quot;operator&quot;:&quot;equals&quot;,&quot;if_value&quot;:&quot;Pratiques soignantes&quot;}]},{&quot;then_field&quot;:&quot;preventionRisque&quot;,&quot;and_rules&quot;:[{&quot;if_field&quot;:&quot;formation&quot;,&quot;operator&quot;:&quot;equals&quot;,&quot;if_value&quot;:&quot;Pr\\u00e9ventions des risques professionnels&quot;}]},{&quot;then_field&quot;:&quot;psyciatrie&quot;,&quot;and_rules&quot;:[{&quot;if_field&quot;:&quot;formation&quot;,&quot;operator&quot;:&quot;equals&quot;,&quot;if_value&quot;:&quot;Psychiatrie&quot;}]},{&quot;then_field&quot;:&quot;psychologie&quot;,&quot;and_rules&quot;:[{&quot;if_field&quot;:&quot;formation&quot;,&quot;operator&quot;:&quot;equals&quot;,&quot;if_value&quot;:&quot;Psychologie appliqu\\u00e9e&quot;}]},{&quot;then_field&quot;:&quot;reanimation&quot;,&quot;and_rules&quot;:[{&quot;if_field&quot;:&quot;formation&quot;,&quot;operator&quot;:&quot;equals&quot;,&quot;if_value&quot;:&quot;R\\u00e9animation&quot;}]},{&quot;then_field&quot;:&quot;santeSecurite&quot;,&quot;and_rules&quot;:[{&quot;if_field&quot;:&quot;formation&quot;,&quot;operator&quot;:&quot;equals&quot;,&quot;if_value&quot;:&quot;Sant\\u00e9 et s\\u00e9curit\\u00e9 au travail&quot;}]},{&quot;then_field&quot;:&quot;incendie&quot;,&quot;and_rules&quot;:[{&quot;if_field&quot;:&quot;formation&quot;,&quot;operator&quot;:&quot;equals&quot;,&quot;if_value&quot;:&quot;S\\u00e9curit\\u00e9 incendie&quot;}]},{&quot;then_field&quot;:&quot;complementaires&quot;,&quot;and_rules&quot;:[{&quot;if_field&quot;:&quot;formation&quot;,&quot;operator&quot;:&quot;equals&quot;,&quot;if_value&quot;:&quot;Th\\u00e9rapies compl\\u00e9mentaires&quot;}]},{&quot;then_field&quot;:&quot;urgence&quot;,&quot;and_rules&quot;:[{&quot;if_field&quot;:&quot;formation&quot;,&quot;operator&quot;:&quot;equals&quot;,&quot;if_value&quot;:&quot;Urgences&quot;}]}],&quot;settings&quot;:{&quot;animation&quot;:&quot;yes&quot;,&quot;animation_intime&quot;:200,&quot;animation_outtime&quot;:200,&quot;conditions_ui&quot;:&quot;normal&quot;,&quot;notice_dismissed&quot;:false,&quot;notice_dismissed_rollback-cf7-6.0.6&quot;:true}}\" \/><input type=\"hidden\" name=\"_wpcf7_recaptcha_response\" value=\"\" \/>\n<\/fieldset>\n<div class=\"row\">\n\t<div class=\"col-xl-12\">\n\t\t<div class=\"contact-input contact-icon contact-user mb-20\">\n\t\t\t<p><span class=\"wpcf7-form-control-wrap\" data-name=\"Nom\"><input size=\"40\" maxlength=\"400\" class=\"wpcf7-form-control wpcf7-text wpcf7-validates-as-required\" aria-required=\"true\" aria-invalid=\"false\" placeholder=\"Nom ou nom de l&#039;\u00e9tablissement*\" value=\"\" type=\"text\" name=\"Nom\" \/><\/span>\n\t\t\t<\/p>\n\t\t<\/div>\n\t<\/div>\n\t<div class=\"col-xl-12\">\n\t\t<div class=\"contact-input contact-icon contact-mail mb-20\">\n\t\t\t<p><span class=\"wpcf7-form-control-wrap\" data-name=\"email\"><input size=\"40\" maxlength=\"400\" class=\"wpcf7-form-control wpcf7-email wpcf7-validates-as-required wpcf7-text wpcf7-validates-as-email\" aria-required=\"true\" aria-invalid=\"false\" placeholder=\"Entrez votre e-mail*\" value=\"\" type=\"email\" name=\"email\" \/><\/span>\n\t\t\t<\/p>\n\t\t<\/div>\n\t<\/div>\n\t<div class=\"col-xl-12\">\n\t\t<div class=\"contact-input contact-icon contact-tel mb-20\">\n\t\t\t<p><span class=\"wpcf7-form-control-wrap\" data-name=\"tel\"><input size=\"40\" maxlength=\"400\" class=\"wpcf7-form-control wpcf7-tel wpcf7-validates-as-required wpcf7-text wpcf7-validates-as-tel\" aria-required=\"true\" aria-invalid=\"false\" placeholder=\"Entrez votre t\u00e9l\u00e9phone*\" value=\"\" type=\"tel\" name=\"tel\" \/><\/span>\n\t\t\t<\/p>\n\t\t<\/div>\n\t<\/div>\n\t<div class=\"col-xl-12\">\n\t\t<div class=\"contact-input contact-icon contact-number mb-20\">\n\t\t\t<p><span class=\"wpcf7-form-control-wrap\" data-name=\"nombre-sessions\"><input class=\"wpcf7-form-control wpcf7-number wpcf7-validates-as-number\" aria-invalid=\"false\" placeholder=\"Nombre de participants\" value=\"\" type=\"number\" name=\"nombre-sessions\" \/><\/span>\n\t\t\t<\/p>\n\t\t<\/div>\n\t<\/div>\n\t<div class=\"col-xl-12\">\n\t\t<div class=\"contact-input\">\n\t\t\t<p>Selectionnez la formation qui vous int\u00e9resse*<br \/>\n<span class=\"wpcf7-form-control-wrap\" data-name=\"formation\"><select class=\"wpcf7-form-control wpcf7-select\" id=\"service-option\" aria-invalid=\"false\" name=\"formation\"><option value=\"Je ne sais pas\">Je ne sais pas<\/option><option value=\"Douleur\">Douleur<\/option><option value=\"\u00c9ducation Th\u00e9rapeutique du Patient\">\u00c9ducation Th\u00e9rapeutique du Patient<\/option><option value=\"G\u00e9rontologie\">G\u00e9rontologie<\/option><option value=\"Gestes et postures\">Gestes et postures<\/option><option value=\"Gestion des risques m\u00e9dicaux\">Gestion des risques m\u00e9dicaux<\/option><option value=\"Handicap \u2013 vieillissement\">Handicap \u2013 vieillissement<\/option><option value=\"Informatique\">Informatique<\/option><option value=\"Management et ressources humaines\">Management et ressources humaines<\/option><option value=\"Pratiques soignantes\">Pratiques soignantes<\/option><option value=\"Pr\u00e9ventions des risques professionnels\">Pr\u00e9ventions des risques professionnels<\/option><option value=\"Psychiatrie\">Psychiatrie<\/option><option value=\"Psychologie appliqu\u00e9e\">Psychologie appliqu\u00e9e<\/option><option value=\"R\u00e9animation\">R\u00e9animation<\/option><option value=\"Sant\u00e9 et s\u00e9curit\u00e9 au travail\">Sant\u00e9 et s\u00e9curit\u00e9 au travail<\/option><option value=\"S\u00e9curit\u00e9 incendie\">S\u00e9curit\u00e9 incendie<\/option><option value=\"Th\u00e9rapies compl\u00e9mentaires\">Th\u00e9rapies compl\u00e9mentaires<\/option><option value=\"Urgences\">Urgences<\/option><\/select><\/span>\n\t\t\t<\/p>\n\t\t<\/div>\n\t<\/div>\n\t<div data-id=\"douleur\" data-orig_data_id=\"douleur\"  data-class=\"wpcf7cf_group\">\n\t\t<div class=\"col-xl-12\">\n\t\t\t<div class=\"contact-input\">\n\t\t\t\t<p><span class=\"wpcf7-form-control-wrap\" data-name=\"menu-douleur\"><select class=\"wpcf7-form-control wpcf7-select\" aria-invalid=\"false\" name=\"menu-douleur\"><option value=\"Je ne sais pas\">Je ne sais pas<\/option><option value=\"Prise en charge non m\u00e9dicamenteuse de la douleur\">Prise en charge non m\u00e9dicamenteuse de la douleur<\/option><option value=\"Prise en charge param\u00e9dicale de la douleur\">Prise en charge param\u00e9dicale de la douleur<\/option><\/select><\/span>\n\t\t\t\t<\/p>\n\t\t\t<\/div>\n\t\t<\/div>\n\t<\/div>\n\t<div data-id=\"educationTherapeutique\" data-orig_data_id=\"educationTherapeutique\"  data-class=\"wpcf7cf_group\">\n\t\t<div class=\"col-xl-12\">\n\t\t\t<div class=\"contact-input\">\n\t\t\t\t<p><span class=\"wpcf7-form-control-wrap\" data-name=\"menu-educationTherapeutique\"><select class=\"wpcf7-form-control wpcf7-select\" aria-invalid=\"false\" name=\"menu-educationTherapeutique\"><option value=\"Je ne sais pas\">Je ne sais pas<\/option><option value=\"\u00c9ducation Th\u00e9rapeutique du Patient \u2013 ETP\">\u00c9ducation Th\u00e9rapeutique du Patient \u2013 ETP<\/option><option value=\"Approche de l\u2019\u00c9ducation Th\u00e9rapeutique du Patient\">Approche de l\u2019\u00c9ducation Th\u00e9rapeutique du Patient<\/option><\/select><\/span>\n\t\t\t\t<\/p>\n\t\t\t<\/div>\n\t\t<\/div>\n\t<\/div>\n\t<div data-id=\"gerontologie\" data-orig_data_id=\"gerontologie\"  data-class=\"wpcf7cf_group\">\n\t\t<div class=\"col-xl-12\">\n\t\t\t<div class=\"contact-input\">\n\t\t\t\t<p><span class=\"wpcf7-form-control-wrap\" data-name=\"menu-gerontologie\"><select class=\"wpcf7-form-control wpcf7-select\" aria-invalid=\"false\" name=\"menu-gerontologie\"><option value=\"Je ne sais pas\">Je ne sais pas<\/option><option value=\"Accompagment \u00e0 la mise en place de plan alimentaire en EHPAD\">Accompagment \u00e0 la mise en place de plan alimentaire en EHPAD<\/option><option value=\"Accompagnement de fin de vie\">Accompagnement de fin de vie<\/option><option value=\"Activit\u00e9s physiques adapt\u00e9es aux personnes \u00e2g\u00e9es\">Activit\u00e9s physiques adapt\u00e9es aux personnes \u00e2g\u00e9es<\/option><option value=\"Animation d\u2019Ateliers\">Animation d\u2019Ateliers<\/option><option value=\"Animation d\u2019ateliers pour personnes atteintes de la maladie d\u2019Alzheimer ou pathologies apparent\u00e9es\">Animation d\u2019ateliers pour personnes atteintes de la maladie d\u2019Alzheimer ou pathologies apparent\u00e9es<\/option><option value=\"Approche Montessori adapt\u00e9e \u00e0 la personne \u00e2g\u00e9e\">Approche Montessori adapt\u00e9e \u00e0 la personne \u00e2g\u00e9e<\/option><option value=\"Approche Snoezelen\">Approche Snoezelen<\/option><option value=\"Bientraitance ou pr\u00e9vention de la maltraitance\">Bientraitance ou pr\u00e9vention de la maltraitance<\/option><option value=\"Connaissance de la personne \u00e2g\u00e9e\">Connaissance de la personne \u00e2g\u00e9e<\/option><option value=\"Gestion des chutes de la personne \u00e2g\u00e9e \u2013 2 jours\">Gestion des chutes de la personne \u00e2g\u00e9e \u2013 2 jours<\/option><option value=\"Gestion des chutes de la personne \u00e2g\u00e9e \u2013 3 jours\">Gestion des chutes de la personne \u00e2g\u00e9e \u2013 3 jours<\/option><option value=\"La Sant\u00e9 bucco-dentaire\">La Sant\u00e9 bucco-dentaire<\/option><option value=\"La toilette bienveillante\">La toilette bienveillante<\/option><option value=\"Maladie d\u2019Alzheimer et maladies apparent\u00e9es : Diagnostic et projet de soin\">Maladie d\u2019Alzheimer et maladies apparent\u00e9es : Diagnostic et projet de soin<\/option><option value=\"Mieux comprendre et prendre en charge la personne \u00e2g\u00e9e atteinte de la maladie d\u2019Alzheimer ou pathologie apparent\u00e9e\">Mieux comprendre et prendre en charge la personne \u00e2g\u00e9e atteinte de la maladie d\u2019Alzheimer ou pathologie apparent\u00e9e<\/option><option value=\"Mieux comprendre et prendre en charge la personne atteinte de la maladie de Parkinson\">Mieux comprendre et prendre en charge la personne atteinte de la maladie de Parkinson<\/option><option value=\"Plan de soins\">Plan de soins<\/option><option value=\"Pr\u00e9vention du risque suicidaire chez la personne \u00e2g\u00e9e\">Pr\u00e9vention du risque suicidaire chez la personne \u00e2g\u00e9e<\/option><option value=\"Prise en charge de la personne \u00e2g\u00e9e d\u00e9mente\">Prise en charge de la personne \u00e2g\u00e9e d\u00e9mente<\/option><option value=\"Prise en charge de la vie affective et de la sexualit\u00e9 en EHPAD\">Prise en charge de la vie affective et de la sexualit\u00e9 en EHPAD<\/option><option value=\"Prise en charge des personnes \u00e2g\u00e9es atteintes de troubles psychiatriques\">Prise en charge des personnes \u00e2g\u00e9es atteintes de troubles psychiatriques<\/option><option value=\"Prise en charge non m\u00e9dicamenteuse des troubles du comportement de la personne \u00e2g\u00e9e\">Prise en charge non m\u00e9dicamenteuse des troubles du comportement de la personne \u00e2g\u00e9e<\/option><option value=\"Projet d\u2019accompagnement personnalis\u00e9 en EHPAD ou PAP\">Projet d\u2019accompagnement personnalis\u00e9 en EHPAD ou PAP<\/option><option value=\"Projet de vie individualis\u00e9 en EHPAD\">Projet de vie individualis\u00e9 en EHPAD<\/option><option value=\"Refus de soin chez la personne \u00e2g\u00e9e\">Refus de soin chez la personne \u00e2g\u00e9e<\/option><option value=\"R\u00f4le de l\u2019IDE en EHPAD\">R\u00f4le de l\u2019IDE en EHPAD<\/option><option value=\"Savoir g\u00e9rer les troubles du comportement de la personne \u00e2g\u00e9e\">Savoir g\u00e9rer les troubles du comportement de la personne \u00e2g\u00e9e<\/option><\/select><\/span>\n\t\t\t\t<\/p>\n\t\t\t<\/div>\n\t\t<\/div>\n\t<\/div>\n\t<div data-id=\"gestes\" data-orig_data_id=\"gestes\"  data-class=\"wpcf7cf_group\">\n\t\t<div class=\"col-xl-12\">\n\t\t\t<div class=\"contact-input\">\n\t\t\t\t<p><span class=\"wpcf7-form-control-wrap\" data-name=\"menu-gestes\"><select class=\"wpcf7-form-control wpcf7-select\" aria-invalid=\"false\" name=\"menu-gestes\"><option value=\"Je ne sais pas\">Je ne sais pas<\/option><option value=\"Manutention \u2013 Gestes et Postures\">Manutention \u2013 Gestes et Postures<\/option><option value=\"PRAP2S-Pr\u00e9vention des Risques Li\u00e9s \u00e0 l\u2019Activit\u00e9 Physique en Sanitaire et Social\">PRAP2S-Pr\u00e9vention des Risques Li\u00e9s \u00e0 l\u2019Activit\u00e9 Physique en Sanitaire et Social<\/option><option value=\"Troubles musculosquelettiques -TMS : Comment pr\u00e9server son capital corporel\">Troubles musculosquelettiques -TMS : Comment pr\u00e9server son capital corporel<\/option><\/select><\/span>\n\t\t\t\t<\/p>\n\t\t\t<\/div>\n\t\t<\/div>\n\t<\/div>\n\t<div data-id=\"risques\" data-orig_data_id=\"risques\"  data-class=\"wpcf7cf_group\">\n\t\t<div class=\"col-xl-12\">\n\t\t\t<div class=\"contact-input\">\n\t\t\t\t<p><span class=\"wpcf7-form-control-wrap\" data-name=\"menu-risques\"><select class=\"wpcf7-form-control wpcf7-select\" aria-invalid=\"false\" name=\"menu-risques\"><option value=\"Je ne sais pas\">Je ne sais pas<\/option><option value=\"H\u00e9movigilance\">H\u00e9movigilance<\/option><option value=\"Pr\u00e9vention des risques infectieux associ\u00e9s aux soins\">Pr\u00e9vention des risques infectieux associ\u00e9s aux soins<\/option><\/select><\/span>\n\t\t\t\t<\/p>\n\t\t\t<\/div>\n\t\t<\/div>\n\t<\/div>\n\t<div data-id=\"Handicap\" data-orig_data_id=\"Handicap\"  data-class=\"wpcf7cf_group\">\n\t\t<div class=\"col-xl-12\">\n\t\t\t<div class=\"contact-input\">\n\t\t\t\t<p><span class=\"wpcf7-form-control-wrap\" data-name=\"menu-Handicap\"><select class=\"wpcf7-form-control wpcf7-select\" aria-invalid=\"false\" name=\"menu-Handicap\"><option value=\"Je ne sais pas\">Je ne sais pas<\/option><option value=\"Prise en charge de la personne en situation de handicap\">Prise en charge de la personne en situation de handicap<\/option><option value=\"Simulation du vieillissement & compr\u00e9hension du handicap\">Simulation du vieillissement & compr\u00e9hension du handicap<\/option><\/select><\/span>\n\t\t\t\t<\/p>\n\t\t\t<\/div>\n\t\t<\/div>\n\t<\/div>\n\t<div data-id=\"informatique\" data-orig_data_id=\"informatique\"  data-class=\"wpcf7cf_group\">\n\t\t<div class=\"col-xl-12\">\n\t\t\t<div class=\"contact-input\">\n\t\t\t\t<p><span class=\"wpcf7-form-control-wrap\" data-name=\"menu-informatique\"><select class=\"wpcf7-form-control wpcf7-select\" aria-invalid=\"false\" name=\"menu-informatique\"><option value=\"Je ne sais pas\">Je ne sais pas<\/option><option value=\"Initiation \u00e0 l\u2019informatique\">Initiation \u00e0 l\u2019informatique<\/option><option value=\"Perfectionnement \u00e0 l\u2019informatique\">Perfectionnement \u00e0 l\u2019informatique<\/option><\/select><\/span>\n\t\t\t\t<\/p>\n\t\t\t<\/div>\n\t\t<\/div>\n\t<\/div>\n\t<div data-id=\"management\" data-orig_data_id=\"management\"  data-class=\"wpcf7cf_group\">\n\t\t<div class=\"col-xl-12\">\n\t\t\t<div class=\"contact-input\">\n\t\t\t\t<p><span class=\"wpcf7-form-control-wrap\" data-name=\"menu-management\"><select class=\"wpcf7-form-control wpcf7-select\" aria-invalid=\"false\" name=\"menu-management\"><option value=\"Je ne sais pas\">Je ne sais pas<\/option><option value=\"Accompagnement \u00e0 la fonction d\u2019Encadrement\">Accompagnement \u00e0 la fonction d\u2019Encadrement<\/option><option value=\"Actualisation des comp\u00e9tences pour les AS\">Actualisation des comp\u00e9tences pour les AS<\/option><option value=\"Analyse des Pratiques Professionnnelles (APP)\">Analyse des Pratiques Professionnnelles (APP)<\/option><option value=\"Assurer un accueil physique et t\u00e9l\u00e9phonique de qualit\u00e9\">Assurer un accueil physique et t\u00e9l\u00e9phonique de qualit\u00e9<\/option><option value=\"Coh\u00e9sion et travail en \u00e9quipe\">Coh\u00e9sion et travail en \u00e9quipe<\/option><option value=\"Comment construire et animer des formations efficaces, dynamiques et interactives\">Comment construire et animer des formations efficaces, dynamiques et interactives<\/option><option value=\"Comment le projet d\u2019accompagnement personnalis\u00e9 en EHPAD r\u00e9invente l\u2019organisation du temps de travail\">Comment le projet d\u2019accompagnement personnalis\u00e9 en EHPAD r\u00e9invente l\u2019organisation du temps de travail<\/option><option value=\"Communication et management d\u2019\u00e9quipe\">Communication et management d\u2019\u00e9quipe<\/option><option value=\"Communication interpersonnelle\">Communication interpersonnelle<\/option><option value=\"Entretien motivationnel IDE\">Entretien motivationnel IDE<\/option><option value=\"Formation \u00e0 l\u2019analyse et d\u00e9veloppement des Pratiques Professionnelles\">Formation \u00e0 l\u2019analyse et d\u00e9veloppement des Pratiques Professionnelles<\/option><option value=\"La communication non violente au service des tensions et des \u00e9motions\">La communication non violente au service des tensions et des \u00e9motions<\/option><option value=\"Management appr\u00e9ciatif\">Management appr\u00e9ciatif<\/option><option value=\"Management d\u2019\u00e9quipe \u2013 Postures et pratiques manag\u00e9riales \u00e9thiques\">Management d\u2019\u00e9quipe \u2013 Postures et pratiques manag\u00e9riales \u00e9thiques<\/option><option value=\"Missions et responsabilit\u00e9 de la secr\u00e9taire m\u00e9dicale\">Missions et responsabilit\u00e9 de la secr\u00e9taire m\u00e9dicale<\/option><option value=\"Pr\u00e9parer et animer des r\u00e9unions efficaces\">Pr\u00e9parer et animer des r\u00e9unions efficaces<\/option><option value=\"Prise de parole en public\">Prise de parole en public<\/option><option value=\"Responsabilit\u00e9 juridique du personnel soignant\">Responsabilit\u00e9 juridique du personnel soignant<\/option><option value=\"R\u00e9ussir ses entretiens professionnels\">R\u00e9ussir ses entretiens professionnels<\/option><option value=\"R\u00f4le et mission de l\u2019ASH\">R\u00f4le et mission de l\u2019ASH<\/option><option value=\"Th\u00e9\u00e2tre Forum sur la communication\">Th\u00e9\u00e2tre Forum sur la communication<\/option><option value=\"Transmission du savoir et communication interg\u00e9n\u00e9rationnelle\">Transmission du savoir et communication interg\u00e9n\u00e9rationnelle<\/option><option value=\"Tutorat des Stagiaires\">Tutorat des Stagiaires<\/option><\/select><\/span>\n\t\t\t\t<\/p>\n\t\t\t<\/div>\n\t\t<\/div>\n\t<\/div>\n\t<div data-id=\"pratiques-soignantes\" data-orig_data_id=\"pratiques-soignantes\"  data-class=\"wpcf7cf_group\">\n\t\t<div class=\"col-xl-12\">\n\t\t\t<div class=\"contact-input\">\n\t\t\t\t<p><span class=\"wpcf7-form-control-wrap\" data-name=\"menu-pratiques-soignantes\"><select class=\"wpcf7-form-control wpcf7-select\" aria-invalid=\"false\" name=\"menu-pratiques-soignantes\"><option value=\"Je ne sais pas\">Je ne sais pas<\/option><option value=\"Sensibilisation \u00e0 la nutrition du patient\">Sensibilisation \u00e0 la nutrition du patient<\/option><option value=\"Conduite de projet infirmier en \u00e9quipe pluri-professionnelle\">Conduite de projet infirmier en \u00e9quipe pluri-professionnelle<\/option><option value=\"Droits du Patient et responsabilit\u00e9 juridique\">Droits du Patient et responsabilit\u00e9 juridique<\/option><option value=\"Plaies et cicatrisation\">Plaies et cicatrisation<\/option><option value=\"Relation Soignant \/ Soign\u00e9\">Relation Soignant \/ Soign\u00e9<\/option><option value=\"Sensibilisation \u00e0 la nutrition et \u00e0 la d\u00e9nutrition du Patient\">Sensibilisation \u00e0 la nutrition et \u00e0 la d\u00e9nutrition du Patient<\/option><option value=\"Soigner et travailler la nuit\">Soigner et travailler la nuit<\/option><option value=\"Soins aux Patients stomis\u00e9s\">Soins aux Patients stomis\u00e9s<\/option><option value=\"Soins Palliatifs\">Soins Palliatifs<\/option><option value=\"Transmissions cibl\u00e9es et pratique soignante\">Transmissions cibl\u00e9es et pratique soignante<\/option><\/select><\/span>\n\t\t\t\t<\/p>\n\t\t\t<\/div>\n\t\t<\/div>\n\t<\/div>\n\t<div data-id=\"preventionRisque\" data-orig_data_id=\"preventionRisque\"  data-class=\"wpcf7cf_group\">\n\t\t<div class=\"col-xl-12\">\n\t\t\t<div class=\"contact-input\">\n\t\t\t\t<p><span class=\"wpcf7-form-control-wrap\" data-name=\"menu-preventionRisque\"><select class=\"wpcf7-form-control wpcf7-select\" aria-invalid=\"false\" name=\"menu-preventionRisque\"><option value=\"Je ne sais pas\">Je ne sais pas<\/option><option value=\"Bientraitance et qualit\u00e9 au travail\">Bientraitance et qualit\u00e9 au travail<\/option><option value=\"Pr\u00e9ventions des risques psychosociaux\">Pr\u00e9ventions des risques psychosociaux<\/option><option value=\"Burn-Out : Pr\u00e9vention de l\u2019\u00e9puisement professionnel\">Burn-Out : Pr\u00e9vention de l\u2019\u00e9puisement professionnel<\/option><option value=\"Sommeil et travail \u00e0 horaires atypiques\">Sommeil et travail \u00e0 horaires atypiques<\/option><\/select><\/span>\n\t\t\t\t<\/p>\n\t\t\t<\/div>\n\t\t<\/div>\n\t<\/div>\n\t<div data-id=\"psyciatrie\" data-orig_data_id=\"psyciatrie\"  data-class=\"wpcf7cf_group\">\n\t\t<div class=\"col-xl-12\">\n\t\t\t<div class=\"contact-input\">\n\t\t\t\t<p><span class=\"wpcf7-form-control-wrap\" data-name=\"menu-psyciatrie\"><select class=\"wpcf7-form-control wpcf7-select\" aria-invalid=\"false\" name=\"menu-psyciatrie\"><option value=\"Je ne sais pas\">Je ne sais pas<\/option><option value=\"Animation d\u2019Ateliers Th\u00e9rapeutiques\">Animation d\u2019Ateliers Th\u00e9rapeutiques<\/option><option value=\"Gestion de l\u2019agressivit\u00e9 en psychiatrie\">Gestion de l\u2019agressivit\u00e9 en psychiatrie<\/option><option value=\"Initiation au photolangage\">Initiation au photolangage<\/option><option value=\"Les bases de la contention\">Les bases de la contention<\/option><option value=\"Prise en charge \u00e0 domicile des b\u00e9n\u00e9ficiaires \u00e0 troubles \u2018psy\u2019\">Prise en charge \u00e0 domicile des b\u00e9n\u00e9ficiaires \u00e0 troubles \u2018psy\u2019<\/option><option value=\"Prise en charge des troubles addictifs\">Prise en charge des troubles addictifs<\/option><option value=\"Prise en charge des troubles du comportement en psychiatrie\">Prise en charge des troubles du comportement en psychiatrie<\/option><option value=\"R\u00e9habilitation psychosociale\">R\u00e9habilitation psychosociale<\/option><option value=\"Techniques d\u2019entretien infirmier en psychiatrie\">Techniques d\u2019entretien infirmier en psychiatrie<\/option><\/select><\/span>\n\t\t\t\t<\/p>\n\t\t\t<\/div>\n\t\t<\/div>\n\t<\/div>\n\t<div data-id=\"psychologie\" data-orig_data_id=\"psychologie\"  data-class=\"wpcf7cf_group\">\n\t\t<div class=\"col-xl-12\">\n\t\t\t<div class=\"contact-input\">\n\t\t\t\t<p><span class=\"wpcf7-form-control-wrap\" data-name=\"menu-psychologie\"><select class=\"wpcf7-form-control wpcf7-select\" aria-invalid=\"false\" name=\"menu-psychologie\"><option value=\"Je ne sais pas\">Je ne sais pas<\/option><option value=\"Accueil des familles endeuill\u00e9es\">Accueil des familles endeuill\u00e9es<\/option><option value=\"Animation de groupe de parole\">Animation de groupe de parole<\/option><option value=\"Combattre les pr\u00e9jug\u00e9s envers les personnes addictives d\u00e9pendantes\">Combattre les pr\u00e9jug\u00e9s envers les personnes addictives d\u00e9pendantes<\/option><option value=\"Debriefing psychologique en situation de crise\">Debriefing psychologique en situation de crise<\/option><option value=\"D\u00e9velopper la relation avec la famille\">D\u00e9velopper la relation avec la famille<\/option><option value=\"Gestion de l\u2019agressivit\u00e9 ou Comment apaiser un interlocuteur agressif et se pr\u00e9server en g\u00e9rant ses \u00e9motions\">Gestion de l\u2019agressivit\u00e9 ou Comment apaiser un interlocuteur agressif et se pr\u00e9server en g\u00e9rant ses \u00e9motions<\/option><option value=\"Gestion de la crise suicidaire\">Gestion de la crise suicidaire<\/option><option value=\"Gestion du stress et des conflits\">Gestion du stress et des conflits<\/option><option value=\"Gestion du stress et du temps de travail\">Gestion du stress et du temps de travail<\/option><option value=\"Gestion du stress, des tensions et des \u00e9motions\">Gestion du stress, des tensions et des \u00e9motions<\/option><option value=\"Prise en charge de l\u2019adolescent\">Prise en charge de l\u2019adolescent<\/option><option value=\"Programmation Neurolinguistique \u2013 PNL\">Programmation Neurolinguistique \u2013 PNL<\/option><option value=\"Relation d\u2019aide\">Relation d\u2019aide<\/option><option value=\"R\u00f4le et place des familles et des aidants en h\u00e9bergement\">R\u00f4le et place des familles et des aidants en h\u00e9bergement<\/option><\/select><\/span>\n\t\t\t\t<\/p>\n\t\t\t<\/div>\n\t\t<\/div>\n\t<\/div>\n\t<div data-id=\"reanimation\" data-orig_data_id=\"reanimation\"  data-class=\"wpcf7cf_group\">\n\t\t<div class=\"col-xl-12\">\n\t\t\t<div class=\"contact-input\">\n\t\t\t\t<p><span class=\"wpcf7-form-control-wrap\" data-name=\"menu-reanimation\"><select class=\"wpcf7-form-control wpcf7-select\" aria-invalid=\"false\" name=\"menu-reanimation\"><option value=\"Je ne sais pas\">Je ne sais pas<\/option><option value=\"R\u00e9alisation, lecture & exploitation de l\u2019\u00e9lectrocardiogramme (ECG) par l\u2019infirmier \u2013 niveau 1\">R\u00e9alisation, lecture & exploitation de l\u2019\u00e9lectrocardiogramme (ECG) par l\u2019infirmier \u2013 niveau 1<\/option><option value=\"R\u00e9alisation, lecture & exploitation de l\u2019\u00e9lectrocardiogramme par l\u2019infirmier\">R\u00e9alisation, lecture & exploitation de l\u2019\u00e9lectrocardiogramme par l\u2019infirmier<\/option><\/select><\/span>\n\t\t\t\t<\/p>\n\t\t\t<\/div>\n\t\t<\/div>\n\t<\/div>\n\t<div data-id=\"santeSecurite\" data-orig_data_id=\"santeSecurite\"  data-class=\"wpcf7cf_group\">\n\t\t<div class=\"col-xl-12\">\n\t\t\t<div class=\"contact-input\">\n\t\t\t\t<p><span class=\"wpcf7-form-control-wrap\" data-name=\"menu-santeSecurite\"><select class=\"wpcf7-form-control wpcf7-select\" aria-invalid=\"false\" name=\"menu-santeSecurite\"><option value=\"Je ne sais pas\">Je ne sais pas<\/option><option value=\"\u00c9vacuation Incendie\">\u00c9vacuation Incendie<\/option><option value=\"Gestion des agressions physiques en milieu hospitalier\">Gestion des agressions physiques en milieu hospitalier<\/option><option value=\"Gestion du risque attentat\">Gestion du risque attentat<\/option><option value=\"HACCP\">HACCP<\/option><option value=\"Hygi\u00e8ne des mains et hygi\u00e8ne des locaux\">Hygi\u00e8ne des mains et hygi\u00e8ne des locaux<\/option><option value=\"Lutte contre le gaspillage alimentaire\">Lutte contre le gaspillage alimentaire<\/option><option value=\"Sauveteur Secouriste du Travail (SST) validit\u00e9 24 mois\">Sauveteur Secouriste du Travail (SST) validit\u00e9 24 mois<\/option><option value=\"Sauveteur Secouriste du Travail (SST) Maintien & actualisation des comp\u00e9tences\">Sauveteur Secouriste du Travail (SST) Maintien & actualisation des comp\u00e9tences<\/option><option value=\"S\u00e9curit\u00e9 incendie dans un h\u00f4pital (type U) ou un EHPAD\">S\u00e9curit\u00e9 incendie dans un h\u00f4pital (type U) ou un EHPAD<\/option><\/select><\/span>\n\t\t\t\t<\/p>\n\t\t\t<\/div>\n\t\t<\/div>\n\t<\/div>\n\t<div data-id=\"incendie\" data-orig_data_id=\"incendie\"  data-class=\"wpcf7cf_group\">\n\t\t<div class=\"col-xl-12\">\n\t\t\t<div class=\"contact-input\">\n\t\t\t\t<p><span class=\"wpcf7-form-control-wrap\" data-name=\"menu-incendie\"><select class=\"wpcf7-form-control wpcf7-select\" aria-invalid=\"false\" name=\"menu-incendie\"><option value=\"Je ne sais pas\">Je ne sais pas<\/option><option value=\"\u00c9quipier d\u2019\u00e9vacuation, guide & serre file\">\u00c9quipier d\u2019\u00e9vacuation, guide & serre file<\/option><option value=\"\u00c9quipier de premi\u00e8re intervention\">\u00c9quipier de premi\u00e8re intervention<\/option><option value=\"S\u00e9curit\u00e9 incendie dans un h\u00f4pital (type U) ou une maison de retraite (type J)\">S\u00e9curit\u00e9 incendie dans un h\u00f4pital (type U) ou une maison de retraite (type J)<\/option><\/select><\/span>\n\t\t\t\t<\/p>\n\t\t\t<\/div>\n\t\t<\/div>\n\t<\/div>\n\t<div data-id=\"complementaires\" data-orig_data_id=\"complementaires\"  data-class=\"wpcf7cf_group\">\n\t\t<div class=\"col-xl-12\">\n\t\t\t<div class=\"contact-input\">\n\t\t\t\t<p><span class=\"wpcf7-form-control-wrap\" data-name=\"menu-complementaires\"><select class=\"wpcf7-form-control wpcf7-select\" aria-invalid=\"false\" name=\"menu-complementaires\"><option value=\"Je ne sais pas\">Je ne sais pas<\/option><option value=\"Approche de l\u2019hypnose \u00e0 vis\u00e9e analg\u00e9sique\">Approche de l\u2019hypnose \u00e0 vis\u00e9e analg\u00e9sique<\/option><option value=\"Aromath\u00e9rapie en service de soins\">Aromath\u00e9rapie en service de soins<\/option><option value=\"Effleurages et touchers des b\u00e9b\u00e9s\">Effleurages et touchers des b\u00e9b\u00e9s<\/option><option value=\"Initiation \u00e0 l\u2019art-th\u00e9rapie\">Initiation \u00e0 l\u2019art-th\u00e9rapie<\/option><option value=\"Initiation \u00e0 la sophrologie\">Initiation \u00e0 la sophrologie<\/option><option value=\"La relaxation comme outil th\u00e9rapeutique\">La relaxation comme outil th\u00e9rapeutique<\/option><option value=\"Massage minute\">Massage minute<\/option><option value=\"Nursing Touch ou le Toucher relationnel dans l\u2019accompagnement et le soin\">Nursing Touch ou le Toucher relationnel dans l\u2019accompagnement et le soin<\/option><option value=\"Nursing Touch niveau II\">Nursing Touch niveau II<\/option><\/select><\/span>\n\t\t\t\t<\/p>\n\t\t\t<\/div>\n\t\t<\/div>\n\t<\/div>\n\t<div data-id=\"urgence\" data-orig_data_id=\"urgence\"  data-class=\"wpcf7cf_group\">\n\t\t<div class=\"col-xl-12\">\n\t\t\t<div class=\"contact-input\">\n\t\t\t\t<p><span class=\"wpcf7-form-control-wrap\" data-name=\"menu-urgence\"><select class=\"wpcf7-form-control wpcf7-select\" aria-invalid=\"false\" name=\"menu-urgence\"><option value=\"Je ne sais pas\">Je ne sais pas<\/option><option value=\"AFGSU 1 \u2013 Attestation de Formation aux Gestes & Soins d\u2019Urgence \u2013 Niveau 1\">AFGSU 1 \u2013 Attestation de Formation aux Gestes & Soins d\u2019Urgence \u2013 Niveau 1<\/option><option value=\"AFGSU 2 \u2013 Attestation de Formation aux Gestes & Soins d\u2019Urgence \u2013 Niveau 2\">AFGSU 2 \u2013 Attestation de Formation aux Gestes & Soins d\u2019Urgence \u2013 Niveau 2<\/option><option value=\"AFGSU Actualisation \u2013 Niveau 1 et 2\">AFGSU Actualisation \u2013 Niveau 1 et 2<\/option><option value=\"AVC Prise en charge de l\u2019urgence\">AVC Prise en charge de l\u2019urgence<\/option><option value=\"Infirmier Organisateur de l\u2019Accueil \u2013 IOA\">Infirmier Organisateur de l\u2019Accueil \u2013 IOA<\/option><option value=\"Prendre en charge une urgence vitale\">Prendre en charge une urgence vitale<\/option><option value=\"Secours aux victimes dans le cadre d\u2019une activit\u00e9 aquatique\">Secours aux victimes dans le cadre d\u2019une activit\u00e9 aquatique<\/option><option value=\"Utilisation concr\u00e8te & gestion du chariot d\u2019urgence\">Utilisation concr\u00e8te & gestion du chariot d\u2019urgence<\/option><\/select><\/span>\n\t\t\t\t<\/p>\n\t\t\t<\/div>\n\t\t<\/div>\n\t<\/div>\n\t<div class=\"col-xl-12\">\n\t\t<div class=\"contact-input contact-icon contact-mail mb-30\">\n\t\t\t<p><span class=\"wpcf7-form-control-wrap\" data-name=\"besoin\"><input size=\"40\" maxlength=\"400\" class=\"wpcf7-form-control wpcf7-text\" aria-invalid=\"false\" placeholder=\"Votre message\" value=\"\" type=\"text\" name=\"besoin\" \/><\/span>\n\t\t\t<\/p>\n\t\t<\/div>\n\t<\/div>\n\t<p><small>* Champs obligatoire<\/small>\n\t<\/p>\n\t<div class=\"col-xl-12\">\n\t\t<div class=\"ser-form-btn text-center mt-40\">\n\t\t\t<p><input class=\"wpcf7-form-control wpcf7-submit has-spinner btn btn-icon ml-0\" type=\"submit\" value=\"Envoyer\" \/>\n\t\t\t<\/p>\n\t\t<\/div>\n\t<\/div>\n<\/div><input type='hidden' class='wpcf7-pum' value='{\"closepopup\":false,\"closedelay\":0,\"openpopup\":false,\"openpopup_id\":0}' \/><div class=\"wpcf7-response-output\" aria-hidden=\"true\"><\/div>\n<\/form>\n<\/div>\n                            <\/div>\r\n                        <\/div>\r\n                    <\/div>\r\n                <\/div>\r\n            <\/div>\r\n        <\/section>\r\n\r\n        \t\r\n        \t\r\n\t\t\t<\/div>\n\t\t\t\t<\/div>\n\t\t\t\t\t<\/div>\n\t\t<\/div>\n\t\t\t\t\t<\/div>\n\t\t<\/section>\n\t\t\t\t<\/div>\n\t\t","protected":false},"excerpt":{"rendered":"","protected":false},"author":1,"featured_media":0,"parent":0,"menu_order":0,"comment_status":"closed","ping_status":"closed","template":"elementor_header_footer","meta":{"_monsterinsights_skip_tracking":false,"_monsterinsights_sitenote_active":false,"_monsterinsights_sitenote_note":"","_monsterinsights_sitenote_category":0,"footnotes":""},"class_list":["post-367","page","type-page","status-publish","hentry"],"acf":[],"_links":{"self":[{"href":"https:\/\/formations-pierre-flamion.com\/en\/wp-json\/wp\/v2\/pages\/367","targetHints":{"allow":["GET"]}}],"collection":[{"href":"https:\/\/formations-pierre-flamion.com\/en\/wp-json\/wp\/v2\/pages"}],"about":[{"href":"https:\/\/formations-pierre-flamion.com\/en\/wp-json\/wp\/v2\/types\/page"}],"author":[{"embeddable":true,"href":"https:\/\/formations-pierre-flamion.com\/en\/wp-json\/wp\/v2\/users\/1"}],"replies":[{"embeddable":true,"href":"https:\/\/formations-pierre-flamion.com\/en\/wp-json\/wp\/v2\/comments?post=367"}],"version-history":[{"count":101,"href":"https:\/\/formations-pierre-flamion.com\/en\/wp-json\/wp\/v2\/pages\/367\/revisions"}],"predecessor-version":[{"id":19575,"href":"https:\/\/formations-pierre-flamion.com\/en\/wp-json\/wp\/v2\/pages\/367\/revisions\/19575"}],"wp:attachment":[{"href":"https:\/\/formations-pierre-flamion.com\/en\/wp-json\/wp\/v2\/media?parent=367"}],"curies":[{"name":"wp","href":"https:\/\/api.w.org\/{rel}","templated":true}]}}